{"id":10,"date":"2017-01-24T11:06:25","date_gmt":"2017-01-24T10:06:25","guid":{"rendered":"http:\/\/ajmasquefa.atotarreu.com\/cultura\/?page_id=10"},"modified":"2026-04-27T16:01:16","modified_gmt":"2026-04-27T14:01:16","slug":"cultura","status":"publish","type":"page","link":"http:\/\/masquefa.cat\/cultura\/","title":{"rendered":"Cultura"},"content":{"rendered":"<section class=\"wpb-content-wrapper\"><p>[vc_row type=&#8221;vc_default&#8221; full_width=&#8221;stretch_row&#8221; full_width_row=&#8221;true&#8221; el_id=&#8221;presentacio&#8221; el_class=&#8221;presentacio&#8221;][vc_column css=&#8221;.vc_custom_1478245663699{padding-top: 0px !important;}&#8221;][vc_empty_space height=&#8221;60px&#8221;][vc_row_inner][vc_column_inner][vc_column_text el_class=&#8221;presentacio-text&#8221;]<\/p>\n<h3>La Regidoria de Cultura s\u2019encarrega de la coordinaci\u00f3 i la gesti\u00f3 cultural, festiva, tradicional i popular que es porta a terme al municipi.<\/h3>\n<p>[\/vc_column_text][\/vc_column_inner][\/vc_row_inner][\/vc_column][\/vc_row][vc_row][vc_column][vc_text_separator title=&#8221;Destacats&#8221; color=&#8221;custom&#8221; accent_color=&#8221;#950862&#8243; el_class=&#8221;title-separator&#8221;][vc_row_inner gap=&#8221;10&#8243;][vc_column_inner width=&#8221;1\/4&#8243; bwd_tbc4vd_show_weekday=&#8221;&#8221;][vc_single_image image=&#8221;2143&#8243; img_size=&#8221;full&#8221; alignment=&#8221;center&#8221; onclick=&#8221;custom_link&#8221; img_link_target=&#8221;_blank&#8221; link=&#8221;https:\/\/ajmasquefa-multimedia-wp.s3.eu-central-1.amazonaws.com\/wp-content\/uploads\/sites\/22\/2025\/10\/24142804\/CULTURA-AprovacioPAC-1.pdf&#8221;][\/vc_column_inner][vc_column_inner width=&#8221;1\/4&#8243; bwd_show_when_date=&#8221;07\/13\/2021 08:00&#8243; bwd_show_when_date_end=&#8221;07\/26\/2021 01:00&#8243; bwd_tbc4vd_show_weekday=&#8221;&#8221;][vc_single_image image=&#8221;2152&#8243; img_size=&#8221;full&#8221; alignment=&#8221;center&#8221; onclick=&#8221;custom_link&#8221; img_link_target=&#8221;_blank&#8221; link=&#8221;https:\/\/masquefa.cat\/noticies\/masquefa-sona-be-13-anys-de-divulgacio-musical\/&#8221;][\/vc_column_inner][vc_column_inner width=&#8221;1\/4&#8243; bwd_show_when_date=&#8221;05\/06\/2021 17:00&#8243; bwd_show_when_date_end=&#8221;05\/16\/2021 23:58&#8243; bwd_tbc4vd_show_weekday=&#8221;&#8221;][vc_single_image image=&#8221;2157&#8243; img_size=&#8221;full&#8221; alignment=&#8221;center&#8221; onclick=&#8221;custom_link&#8221; img_link_target=&#8221;_blank&#8221; link=&#8221;https:\/\/ajmasquefa-multimedia-wp.s3.eu-central-1.amazonaws.com\/wp-content\/uploads\/sites\/16\/2026\/04\/21100438\/PASTORETS-MASQUEFA-5.png&#8221;][\/vc_column_inner][vc_column_inner width=&#8221;1\/4&#8243;][\/vc_column_inner][\/vc_row_inner][vc_row_inner gap=&#8221;10&#8243;][vc_column_inner width=&#8221;1\/4&#8243; bwd_tbc4vd_show_weekday=&#8221;&#8221;][\/vc_column_inner][vc_column_inner width=&#8221;1\/4&#8243; bwd_show_when_date=&#8221;07\/13\/2021 08:00&#8243; bwd_show_when_date_end=&#8221;07\/26\/2021 01:00&#8243; bwd_tbc4vd_show_weekday=&#8221;&#8221;][\/vc_column_inner][vc_column_inner width=&#8221;1\/4&#8243; bwd_show_when_date=&#8221;05\/06\/2021 17:00&#8243; bwd_show_when_date_end=&#8221;05\/16\/2021 23:58&#8243; bwd_tbc4vd_show_weekday=&#8221;&#8221;][\/vc_column_inner][vc_column_inner width=&#8221;1\/4&#8243;][\/vc_column_inner][\/vc_row_inner][\/vc_column][\/vc_row][vc_row type=&#8221;vc_default&#8221; full_width=&#8221;stretch_row_content_no_spaces&#8221; full_width_row=&#8221;true&#8221; css=&#8221;.vc_custom_1482252969757{margin-top: 0px !important;margin-right: 0px !important;margin-bottom: 0px !important;margin-left: 0px !important;border-top-width: 0px !important;border-right-width: 0px !important;border-bottom-width: 0px !important;border-left-width: 0px !important;padding-top: 0px !important;padding-right: 0px !important;padding-bottom: 0px !important;padding-left: 0px !important;}&#8221; anchor=&#8221;tramits-i-serveis&#8221; el_id=&#8221;tramits-i-serveis&#8221;][vc_column][vc_row_inner el_class=&#8221;bg-tramits-i-serveis&#8221; css=&#8221;.vc_custom_1505986654917{padding-top: 30px !important;padding-bottom: 60px !important;}&#8221;][vc_column_inner el_class=&#8221;tramits-i-serveis serveis-acordion serveis-toggle&#8221; width=&#8221;1\/3&#8243; css=&#8221;.vc_custom_1480418033749{padding-right: 30px !important;}&#8221;][vc_column_text el_class=&#8221;tramits-i-serveis-titol&#8221;]<\/p>\n<h2>SERVEIS<\/h2>\n<p>[\/vc_column_text][vc_toggle title=&#8221;Entitats Culturals&#8221; style=&#8221;arrow&#8221; color=&#8221;purple&#8221; el_id=&#8221;1480413290366-81e96849-2123&#8243;]<img decoding=\"async\" loading=\"lazy\" class=\"aligncenter size-full wp-image-317\" src=\"http:\/\/masquefa.cat\/cultura\/wp-content\/uploads\/sites\/16\/2017\/10\/Entitats-Culturals.jpg\" alt=\"\" width=\"340\" height=\"136\" srcset=\"http:\/\/masquefa.cat\/cultura\/wp-content\/uploads\/sites\/16\/2017\/10\/Entitats-Culturals.jpg 340w, http:\/\/masquefa.cat\/cultura\/wp-content\/uploads\/sites\/16\/2017\/10\/Entitats-Culturals-300x120.jpg 300w\" sizes=\"(max-width: 340px) 100vw, 340px\" \/>Masquefa \u00e9s una vila molt rica en teixit associatiu. S\u00f3n moltes les entitats culturals, esportives, educatives, etc. que organitzen activitats i participen en la dinamitzaci\u00f3 del folklore, les festes i les tradicions mobilitzant aix\u00ed a grans i petits.<\/p>\n<p>Si voleu consultar quines s\u00f3n les entitats de Masquefa, cliqueu <a href=\"\/participacio-ciutadana\/#!\/directori-entitats\">aqu\u00ed<\/a>[\/vc_toggle][vc_toggle title=&#8221;Fem Cultura&#8221; style=&#8221;arrow&#8221; color=&#8221;purple&#8221; el_id=&#8221;1504868617327-64e98d86-b390&#8243;]Des de principis del 2008 s\u2019est\u00e0 portant a terme el programa \u201cFem Cultura\u201d amb la finalitat de potenciar i difondre la cultura des dels diversos i variats \u00e0mbits socioculturals, fomentant la participaci\u00f3 dels vilatans, creant costum i h\u00e0bit cultural fora del cicle festiu.<\/p>\n<p>L\u2019objectiu principal del programa \u00e9s la de garantir una oferta de serveis i activitats culturals variades i de qualitat, de manera estable, que serveixin com est\u00edmul i incentiu dels h\u00e0bits de consum cultural. El programa pret\u00e9n apropar la cultura i fomentar un entusiasme facilitant un espai d\u2019intercanvi i de comunicaci\u00f3. La cultura a Masquefa es mou a ritme de m\u00fasica, teatre, hist\u00f2ria, fotografia, exposicions, tradicions, etc.<\/p>\n<p>Consulta el programa 2025 <a href=\"https:\/\/ajmasquefa-multimedia-wp.s3.eu-central-1.amazonaws.com\/wp-content\/uploads\/sites\/16\/2025\/02\/03084403\/2025-CULTURA-FEM-CULTURA-triptic-2.pdf\" target=\"_blank\" rel=\"noopener\">aqu\u00ed<\/a>[\/vc_toggle][vc_toggle title=&#8221;Masquefa Sona B\u00e9&#8221; style=&#8221;arrow&#8221; color=&#8221;purple&#8221; el_id=&#8221;1480413858367-502b8bf0-a0a9&#8243;]<img decoding=\"async\" loading=\"lazy\" class=\"aligncenter size-full wp-image-320\" src=\"http:\/\/masquefa.cat\/cultura\/wp-content\/uploads\/sites\/16\/2017\/10\/Masquefa-Sona-Be.jpg\" alt=\"\" width=\"340\" height=\"136\" srcset=\"http:\/\/masquefa.cat\/cultura\/wp-content\/uploads\/sites\/16\/2017\/10\/Masquefa-Sona-Be.jpg 340w, http:\/\/masquefa.cat\/cultura\/wp-content\/uploads\/sites\/16\/2017\/10\/Masquefa-Sona-Be-300x120.jpg 300w\" sizes=\"(max-width: 340px) 100vw, 340px\" \/>Masquefa Sona B\u00e9 \u00e9s un cicle de m\u00fasica estable que programa formacions i int\u00e8rprets d&#8217;estils diversos. La finalitat del Masquefa sona b\u00e9 \u00e9s la difusi\u00f3 i la promoci\u00f3 de la m\u00fasica. Ho fem acompanyats de vost\u00e8s i dels m\u00fasics que convidem.<\/p>\n<p>Aquest cicle est\u00e0 organitzat per la Regidoria de Cultura de l&#8217;Ajuntament de la Vila de Masquefa, amb la coordinaci\u00f3 i producci\u00f3 musical de Jordi Tom\u00e0s. Tots els concerts es faran a la Sala Polivalent de La F\u00e0brica Rogelio Rojo de Masquefa<\/p>\n<p>Consulta <a href=\"https:\/\/masquefa.cat\/noticies\/masquefa-sona-be-13-anys-de-divulgacio-musical\/\" target=\"_blank\" rel=\"noopener\">aqu\u00ed<\/a> el programa 2026[\/vc_toggle][vc_toggle title=&#8221;Balls Populars&#8221; style=&#8221;arrow&#8221; color=&#8221;purple&#8221; el_id=&#8221;1516030550426-1ca000aa-f31f&#8221;]Els balls populars s\u2019organitzen cada quinze dies, depenen de la disponibilitat de la sala, els diumenges a les 18.00 h a la Sala Polivalent de La F\u00e0brica Rogelio Rojo.<\/p>\n<p>El preu de l\u2019entrada \u00e9s 2\u20ac i \u00e9s una activitat l\u00fadica oberta a tothom, amb la col\u00b7laboraci\u00f3 de l\u2019Associaci\u00f3 de la Gent Gran de Masquefa.[\/vc_toggle][vc_toggle title=&#8221;Setmana de la dansa&#8221; style=&#8221;arrow&#8221; color=&#8221;purple&#8221;]La Setmana de la Dansa omple els carrers i els espais p\u00fablics de Masquefa.<\/p>\n<p>Apropem aquesta disciplina a tota la poblaci\u00f3, sense barreres i amb una oferta diversa i de qualitat.<\/p>\n<p><a href=\"https:\/\/ajmasquefa-multimedia-wp.s3.eu-central-1.amazonaws.com\/wp-content\/uploads\/sites\/22\/2025\/04\/14113910\/2025-FEM-CULTURA-DIPTIC-SETMANA-DE-LA-DANSA-6-1.pdf\" target=\"_blank\" rel=\"noopener\">Programa 2025<\/a>[\/vc_toggle][vc_toggle title=&#8221;Mem\u00f2ria Democr\u00e0tica&#8221; style=&#8221;arrow&#8221; color=&#8221;purple&#8221;]<a href=\"https:\/\/masquefa.cat\/noticies\/jornada-de-recreacio-historica-a-masquefa-per-commemorar-el-final-de-la-guerra-civil\/\" target=\"_blank\" rel=\"noopener\">Masquefa ocupada<\/a><br \/>\n<a href=\"https:\/\/masquefa.cat\/noticies\/el-president-de-la-generalitat-pere-aragones-inaugurara-a-masquefa-una-llamborda-stolpersteine-en-honor-a-miquel-rovira-isart\/\" target=\"_blank\" rel=\"noopener\">Llamborda S<i>tolpersteine<\/i><\/a><br \/>\n<a href=\"https:\/\/masquefa.cat\/noticies\/masquefa-ret-homenatge-a-figures-clau-de-la-seva-historia\/\" target=\"_blank\" rel=\"noopener\">Homenatge represaliats Guerra Civil i franquisme<\/a><br \/>\n<i><\/i>[\/vc_toggle][vc_toggle title=&#8221;Pla Acci\u00f3 Cultural&#8221; style=&#8221;arrow&#8221; color=&#8221;purple&#8221;]Si vols consultar el pla d\u2019acci\u00f3 cultural, clica <a href=\"https:\/\/ajmasquefa-multimedia-wp.s3.eu-central-1.amazonaws.com\/wp-content\/uploads\/sites\/22\/2025\/10\/24142804\/CULTURA-AprovacioPAC-1.pdf\" target=\"_blank\" rel=\"noopener\">aqu\u00ed<\/a>[\/vc_toggle][vc_toggle title=&#8221;Mira\u2019M Festival de cinema Jove&#8221; style=&#8221;arrow&#8221; color=&#8221;purple&#8221;]Es tracta d\u2019una iniciativa que que\u00a0 neix de la voluntat de col\u00b7laboraci\u00f3 entre cineastes masquefins i la regidoria de Cultura. L\u2019objectiu \u00e9s donar suport i visibilitat a les obres cinematogr\u00e0fiques realitzades per alumnes de centres educatius audiovisuals, tant universitats com escoles i instituts. Durant tota la jornada, el p\u00fablic gaudeix d\u2019una selecci\u00f3 de curtmetratges, aix\u00ed com de col\u00b7loquis amb els seus creadors.<\/p>\n<p>Consulta <a href=\"https:\/\/masquefa.cat\/noticies\/masquefa-celebra-el-miram-2025-el-2n-festival-de-cinema-jove\/\" target=\"_blank\" rel=\"noopener\">aqu\u00ed<\/a> el programa del Mira\u2019M 2025<\/p>\n<p>[\/vc_toggle][\/vc_column_inner][vc_column_inner el_class=&#8221;tramits-i-serveis tramits-acordion serveis-toggle&#8221; width=&#8221;1\/3&#8243; css=&#8221;.vc_custom_1480418053708{padding-right: 30px !important;}&#8221;][vc_column_text el_class=&#8221;tramits-i-serveis-titol&#8221;]<\/p>\n<h2>TR\u00c0MITS<\/h2>\n<p>[\/vc_column_text][vc_toggle title=&#8221;Normativa de la Sala Polivalent, Sala Petita i Sala Nova de La F\u00e0brica Rogelio Rojo&#8221; style=&#8221;arrow&#8221; color=&#8221;purple&#8221; el_id=&#8221;1480417615301-b544b5c7-a411&#8243;]<img decoding=\"async\" loading=\"lazy\" class=\"alignnone size-medium wp-image-567\" src=\"https:\/\/ajmasquefa-multimedia-wp.s3.eu-central-1.amazonaws.com\/wp-content\/uploads\/sites\/16\/2017\/01\/04113813\/Fabrica-300x120.jpg\" alt=\"Fabrica Rogelio Rojo\" width=\"300\" height=\"120\" \/><\/p>\n<p>La F\u00e0brica Rogelio Rojo disposa d\u2019unes sales municipals obertes a tothom per a celebrar-hi esdeveniments i actes diversos. Per tal de fer-ne un bon us es van aprovar unes normatives.<\/p>\n<p><a href=\"\/cultura\/wp-content\/uploads\/sites\/16\/2017\/09\/NormativaSALA_POLIVALENT1271.pdf\"><br \/>\nNormativa de la Sala Polivalent <\/a><\/p>\n<p><a href=\"\/cultura\/wp-content\/uploads\/sites\/16\/2017\/09\/NormativaSALA_PETITA_NOVA664.pdf\">Normativa de la Sala Petita i de la Sala Nova<\/a>[\/vc_toggle][vc_toggle title=&#8221;Tr\u00e0mits subvencions entitats&#8221; style=&#8221;arrow&#8221; color=&#8221;purple&#8221; el_id=&#8221;1480417614240-06080460-6a39&#8243;]L\u2019Ajuntament de Masquefa destina cada any en el seu pressupost una partida econ\u00f2mica per atorgar subvencions a les entitats culturals de la Vila amb l\u2019objectiu de potenciar i donar suport a projectes culturals, tradicionals i populars que es promoguin i dinamitzin des de les diverses associacions i\/o entitats.<\/p>\n<p>[\/vc_toggle][vc_toggle title=&#8221;Sol\u00b7licitud d&#8217;\u00fas instal\u00b7lacions municipals i\/o autoritzaci\u00f3 d&#8217;activitats&#8221; style=&#8221;arrow&#8221; color=&#8221;purple&#8221; el_id=&#8221;1480417613208-e1c2daec-6143&#8243;]Per sol\u00b7licitar espais, instal\u00b7lacions municipals o esportives, material de la brigada o per organitzar activitats i actes p\u00fablics clicar <a href=\"https:\/\/seu-e.cat\/web\/masquefa\/govern-obert-i-transparencia\/serveis-i-tramits\/tramits\/instancia-generica\">aqu\u00ed<\/a>[\/vc_toggle][\/vc_column_inner][vc_column_inner el_class=&#8221;tramits-i-serveis&#8221; width=&#8221;1\/3&#8243;][vc_column_text el_class=&#8221;contacte&#8221;]<\/p>\n<h2>EQUIP<\/h2>\n<p>[\/vc_column_text]<div class=\"smile_icon_list_wrap ult_info_list_container ult-adjust-bottom-margin equipEstils \"><ul class=\"smile_icon_list left square with_bg\"><li class=\"icon_list_item\" style=\" font-size:72px;\"><div class=\"icon_list_icon\" data-animation=\"\" data-animation-delay=\"03\" style=\"font-size:24px;border-width:1px;border-style:none;background:#ffffff;color:#666666;border-color:#333333;\"><i class=\"Defaults-user\" ><\/i><\/div><div class=\"icon_description\" id=\"Info-list-wrap-5361\" style=\"font-size:24px;\"><h3 class=\"ult-responsive info-list-heading\"  data-ultimate-target='#Info-list-wrap-5361 h3'  data-responsive-json-new='{\"font-size\":\"desktop:16px;\",\"line-height\":\"desktop:24px;\"}'  style=\"\">Regidor<\/h3><div class=\"icon_description_text ult-responsive\"  data-ultimate-target='#Info-list-wrap-5361 .icon_description_text'  data-responsive-json-new='{\"font-size\":\"desktop:13px;\",\"line-height\":\"desktop:18px;\"}'  style=\"\"><p><a href=\"mailto:vazquezc@masquefa.cat\">\u00a0Contactar a trav\u00e9s de correu electr\u00f2nic<\/a><\/p>\n<\/div><\/div><div class=\"icon_list_connector\"  style=\"border-right-width: 1px;border-right-style: dashed;border-color: #333333;\"><\/div><\/li><li class=\"icon_list_item\" style=\" font-size:72px;\"><div class=\"icon_list_icon\" data-animation=\"\" data-animation-delay=\"03\" style=\"font-size:24px;border-width:1px;border-style:none;background:#ffffff;color:#666666;border-color:#333333;\"><i class=\"Defaults-user\" ><\/i><\/div><div class=\"icon_description\" id=\"Info-list-wrap-4524\" style=\"font-size:24px;\"><h3 class=\"ult-responsive info-list-heading\"  data-ultimate-target='#Info-list-wrap-4524 h3'  data-responsive-json-new='{\"font-size\":\"desktop:16px;\",\"line-height\":\"desktop:24px;\"}'  style=\"\">T\u00e8cnica de Cultura<\/h3><div class=\"icon_description_text ult-responsive\"  data-ultimate-target='#Info-list-wrap-4524 .icon_description_text'  data-responsive-json-new='{\"font-size\":\"desktop:13px;\",\"line-height\":\"desktop:18px;\"}'  style=\"\"><p><a href=\"mailto: cultura@masquefa.net\">\u00a0Contactar a trav\u00e9s de correu electr\u00f2nic<\/a><\/p>\n<\/div><\/div><div class=\"icon_list_connector\"  style=\"border-right-width: 1px;border-right-style: dashed;border-color: #333333;\"><\/div><\/li><li class=\"icon_list_item\" style=\" font-size:72px;\"><div class=\"icon_list_icon\" data-animation=\"\" data-animation-delay=\"03\" style=\"font-size:24px;border-width:1px;border-style:none;background:#ffffff;color:#666666;border-color:#333333;\"><i class=\"Defaults-user\" ><\/i><\/div><div class=\"icon_description\" id=\"Info-list-wrap-6227\" style=\"font-size:24px;\"><h3 class=\"ult-responsive info-list-heading\"  data-ultimate-target='#Info-list-wrap-6227 h3'  data-responsive-json-new='{\"font-size\":\"desktop:16px;\",\"line-height\":\"desktop:24px;\"}'  style=\"\">Auxiliars Administratives<\/h3><div class=\"icon_description_text ult-responsive\"  data-ultimate-target='#Info-list-wrap-6227 .icon_description_text'  data-responsive-json-new='{\"font-size\":\"desktop:13px;\",\"line-height\":\"desktop:18px;\"}'  style=\"\"><p><a href=\"mailto: cultura@masquefa.net\">\u00a0Contactar a trav\u00e9s de correu electr\u00f2nic<\/a><\/p>\n<\/div><\/div><div class=\"icon_list_connector\"  style=\"border-right-width: 1px;border-right-style: dashed;border-color: #333333;\"><\/div><\/li><\/ul><\/div>[\/vc_column_inner][\/vc_row_inner][vc_empty_space][\/vc_column][\/vc_row][vc_row type=&#8221;vc_default&#8221; full_width=&#8221;stretch_row&#8221; css=&#8221;.vc_custom_1508425586364{background-color: #fafafa !important;}&#8221;][vc_column][vc_row_inner][vc_column_inner width=&#8221;1\/2&#8243;][vc_single_image image=&#8221;376&#8243; img_size=&#8221;full&#8221; onclick=&#8221;custom_link&#8221; img_link_target=&#8221;_blank&#8221; link=&#8221;\/cultura\/la-fabrica-rogelio-rojo\/&#8221;][\/vc_column_inner][vc_column_inner width=&#8221;1\/2&#8243;][vc_single_image image=&#8221;2039&#8243; img_size=&#8221;full&#8221; onclick=&#8221;custom_link&#8221; link=&#8221;https:\/\/bibliotecavirtual.diba.cat\/es\/masquefa-biblioteca&#8221;][\/vc_column_inner][\/vc_row_inner][vc_empty_space][\/vc_column][\/vc_row][vc_row type=&#8221;vc_default&#8221; el_id=&#8221;festes-populars&#8221;][vc_column css=&#8221;.vc_custom_1519054399054{padding-top: 80px !important;}&#8221;][vc_column_text el_class=&#8221;titol-serveis&#8221; css=&#8221;.vc_custom_1507287016247{margin-bottom: 30px !important;padding-bottom: 0px !important;}&#8221;]<\/p>\n<h2>Festes Populars<\/h2>\n<p>[\/vc_column_text][\/vc_column][\/vc_row][vc_row el_class=&#8221;acordio acordioIMG&#8221;][vc_column width=&#8221;1\/3&#8243;][vc_single_image image=&#8221;333&#8243; img_size=&#8221;370x150px&#8221; alignment=&#8221;center&#8221;][vc_accordion active_tab=&#8221;&#8221; collapsible=&#8221;yes&#8221; style=&#8221;3&#8243;][vc_accordion_tab title=&#8221;Festa Major Petita de Sant Isidre&#8221;][vc_column_text]Patr\u00f3 de Masquefa. Festa Major Petita (15 de maig), els pagesos de la vila, el dia 15 de maig de cada any, organitzaven una diada festiva. La festa dura tres dies, coincidint amb cap de setmana, perqu\u00e8 l\u2019aflu\u00e8ncia de la gent sigui el m\u00e9s nombrosa possible. \u00c9s una festa que mant\u00e9 elements tradicionals i populars, com \u00e9s el sopar de faves i l\u2019elecci\u00f3 de les faves d\u2019argent, i el ball de la garlanda.<\/p>\n<p>&nbsp;<\/p>\n<p>Si vols veure el programa de 2025 clica <a href=\"https:\/\/ajmasquefa-multimedia-wp.s3.eu-central-1.amazonaws.com\/wp-content\/uploads\/sites\/22\/2025\/04\/15110740\/Programa-Festa-Major-petita-de-Sant-Isidre-2025.pdf\">aqu\u00ed<\/a>![\/vc_column_text][\/vc_accordion_tab][\/vc_accordion][\/vc_column][vc_column width=&#8221;1\/3&#8243;][vc_single_image image=&#8221;335&#8243; img_size=&#8221;full&#8221; alignment=&#8221;center&#8221;][vc_accordion active_tab=&#8221;&#8221; collapsible=&#8221;yes&#8221; style=&#8221;3&#8243;][vc_accordion_tab title=&#8221;Festa Major de Santa Magdalena&#8221;][vc_column_text]Patrona de Masquefa. Festa Major (22 de juliol), antigament la Festa Major es celebrava per Sant Pere (29 de juny), en honor al patr\u00f3 m\u00e9s antic de Masquefa. Degut a qu\u00e8 per aquestes dates molts pagesos tenien feina al camp, a finals del S. XIX es va canviar a Santa Magdalena (santa representada a Masquefa en diversos llocs). La Festa conserva elements tradicionals i populars amb elements innovadors i de nous formats.<\/p>\n<p>[\/vc_column_text][\/vc_accordion_tab][\/vc_accordion][\/vc_column][vc_column width=&#8221;1\/3&#8243;][vc_single_image image=&#8221;331&#8243; img_size=&#8221;full&#8221; alignment=&#8221;center&#8221;][vc_accordion active_tab=&#8221;&#8221; collapsible=&#8221;yes&#8221; style=&#8221;3&#8243;][vc_accordion_tab title=&#8221;Aplec al Cementiri Vell&#8221;][vc_column_text]Tradici\u00f3 popular que es celebra anualment, cada Dilluns de Pasqua. Aplec a l\u2019antiga Esgl\u00e9sia rom\u00e0nica de Sant Pere i la Santa Creu, coneguda popularment com Cementiri Vell. Trobada popular amb esmorzar, missa, una ballada de sardanes i un dinar amb carn a la brasa.<\/p>\n<p><img decoding=\"async\" loading=\"lazy\" class=\"alignnone size-medium wp-image-1842\" src=\"https:\/\/ajmasquefa-multimedia-wp.s3.eu-central-1.amazonaws.com\/wp-content\/uploads\/sites\/16\/2023\/03\/08131030\/IMG-20220418-WA0009-300x225.jpg\" alt=\"\" width=\"300\" height=\"225\" srcset=\"https:\/\/ajmasquefa-multimedia-wp.s3.eu-central-1.amazonaws.com\/wp-content\/uploads\/sites\/16\/2023\/03\/08131030\/IMG-20220418-WA0009-300x225.jpg 300w, https:\/\/ajmasquefa-multimedia-wp.s3.eu-central-1.amazonaws.com\/wp-content\/uploads\/sites\/16\/2023\/03\/08131030\/IMG-20220418-WA0009-1024x768.jpg 1024w, https:\/\/ajmasquefa-multimedia-wp.s3.eu-central-1.amazonaws.com\/wp-content\/uploads\/sites\/16\/2023\/03\/08131030\/IMG-20220418-WA0009-768x576.jpg 768w, https:\/\/ajmasquefa-multimedia-wp.s3.eu-central-1.amazonaws.com\/wp-content\/uploads\/sites\/16\/2023\/03\/08131030\/IMG-20220418-WA0009-1536x1152.jpg 1536w, https:\/\/ajmasquefa-multimedia-wp.s3.eu-central-1.amazonaws.com\/wp-content\/uploads\/sites\/16\/2023\/03\/08131030\/IMG-20220418-WA0009-1320x990.jpg 1320w, https:\/\/ajmasquefa-multimedia-wp.s3.eu-central-1.amazonaws.com\/wp-content\/uploads\/sites\/16\/2023\/03\/08131030\/IMG-20220418-WA0009.jpg 2048w\" sizes=\"(max-width: 300px) 100vw, 300px\" \/><\/p>\n<p><img decoding=\"async\" loading=\"lazy\" class=\"alignnone size-medium wp-image-1843\" src=\"https:\/\/ajmasquefa-multimedia-wp.s3.eu-central-1.amazonaws.com\/wp-content\/uploads\/sites\/16\/2023\/03\/08131032\/IMG-20220418-WA0021-300x225.jpg\" alt=\"\" width=\"300\" height=\"225\" srcset=\"https:\/\/ajmasquefa-multimedia-wp.s3.eu-central-1.amazonaws.com\/wp-content\/uploads\/sites\/16\/2023\/03\/08131032\/IMG-20220418-WA0021-300x225.jpg 300w, https:\/\/ajmasquefa-multimedia-wp.s3.eu-central-1.amazonaws.com\/wp-content\/uploads\/sites\/16\/2023\/03\/08131032\/IMG-20220418-WA0021-1024x768.jpg 1024w, https:\/\/ajmasquefa-multimedia-wp.s3.eu-central-1.amazonaws.com\/wp-content\/uploads\/sites\/16\/2023\/03\/08131032\/IMG-20220418-WA0021-768x576.jpg 768w, https:\/\/ajmasquefa-multimedia-wp.s3.eu-central-1.amazonaws.com\/wp-content\/uploads\/sites\/16\/2023\/03\/08131032\/IMG-20220418-WA0021-1536x1152.jpg 1536w, https:\/\/ajmasquefa-multimedia-wp.s3.eu-central-1.amazonaws.com\/wp-content\/uploads\/sites\/16\/2023\/03\/08131032\/IMG-20220418-WA0021-1320x990.jpg 1320w, https:\/\/ajmasquefa-multimedia-wp.s3.eu-central-1.amazonaws.com\/wp-content\/uploads\/sites\/16\/2023\/03\/08131032\/IMG-20220418-WA0021.jpg 2048w\" sizes=\"(max-width: 300px) 100vw, 300px\" \/>[\/vc_column_text][\/vc_accordion_tab][\/vc_accordion][\/vc_column][\/vc_row][vc_row el_class=&#8221;acordio acordioIMG&#8221;][vc_column width=&#8221;1\/3&#8243;][vc_single_image image=&#8221;332&#8243; img_size=&#8221;full&#8221; alignment=&#8221;center&#8221;][vc_accordion active_tab=&#8221;&#8221; collapsible=&#8221;yes&#8221; style=&#8221;3&#8243;][vc_accordion_tab title=&#8221;Festa del Ra\u00efm&#8221;][vc_column_text]Se celebra la segona setmana del mes de setembre. Consisteix en la portada del ra\u00efm de la vinya amb els carros i cavalls pels carrers de la vila, i la tradicional trepitjada del ra\u00efm a la pla\u00e7a de l\u2019Estaci\u00f3. La festa tamb\u00e9 cont\u00e9 activitats relacionades amb el m\u00f3n del vi i la pagesia com el concurs de tast de vi, la mostra d\u2019oficis relacionats amb les feines del camp i exposicions. Recentment s\u2019ha promocionat aquesta festa amb la Fira de Tastets de vi, cava, pa, pastissos, embotits i gastronomia local. La recuperaci\u00f3, el manteniment i la dinamitzaci\u00f3 d\u2019aquesta festa s\u2019han convertit en objectius prioritaris per a preservar la identitat pr\u00f2pia d\u2019un poble pag\u00e8s des dels seus or\u00edgens. Festa lligada al camp on Masquefa rememora les seves arrels pageses.<\/p>\n<p>Si vols veure el v\u00eddeo de l&#8217;edici\u00f3 2025 clica <a href=\"https:\/\/www.youtube.com\/watch?v=i9fyAs3WyB0\" target=\"_blank\" rel=\"noopener\">aqu\u00ed<\/a>![\/vc_column_text][\/vc_accordion_tab][\/vc_accordion][\/vc_column][vc_column width=&#8221;1\/3&#8243;][\/vc_column][\/vc_row][vc_row type=&#8221;vc_default&#8221; full_width=&#8221;stretch_row&#8221; css=&#8221;.vc_custom_1511345874753{background-color: #fdfafc !important;}&#8221;][vc_column][vc_empty_space][vc_row_inner el_class=&#8221;webs-interes&#8221;][vc_column_inner][vc_text_separator title=&#8221;Enlla\u00e7os d&#8217;Inter\u00e8s&#8221; color=&#8221;custom&#8221; accent_color=&#8221;#950862&#8243; el_class=&#8221;title-separator&#8221;][\/vc_column_inner][\/vc_row_inner][vc_row_inner el_class=&#8221;webs-interes webs-interes-list&#8221;][vc_column_inner width=&#8221;1\/4&#8243;][\/vc_column_inner][vc_column_inner width=&#8221;1\/4&#8243;][vc_single_image image=&#8221;354&#8243; img_size=&#8221;295&#215;73&#8243; alignment=&#8221;center&#8221; onclick=&#8221;custom_link&#8221; img_link_target=&#8221;_blank&#8221; css_animation=&#8221;bounce&#8221; link=&#8221;http:\/\/www.diba.cat\/es\/tema-cultura&#8221;][\/vc_column_inner][vc_column_inner width=&#8221;1\/4&#8243;][vc_single_image image=&#8221;355&#8243; img_size=&#8221;295&#215;73&#8243; alignment=&#8221;center&#8221; onclick=&#8221;custom_link&#8221; img_link_target=&#8221;_blank&#8221; css_animation=&#8221;bounce&#8221; link=&#8221;http:\/\/cultura.gencat.cat&#8221;][\/vc_column_inner][vc_column_inner width=&#8221;1\/4&#8243;][\/vc_column_inner][\/vc_row_inner][\/vc_column][\/vc_row][vc_row type=&#8221;vc_default&#8221; full_width=&#8221;stretch_row&#8221;][vc_column][vc_empty_space][vc_row_inner el_class=&#8221;webs-interes&#8221;][vc_column_inner][vc_text_separator title=&#8221;Documents d&#8217;Inter\u00e8s&#8221; color=&#8221;custom&#8221; accent_color=&#8221;#950862&#8243; el_class=&#8221;title-separator&#8221;][\/vc_column_inner][\/vc_row_inner][\/vc_column][\/vc_row][vc_row type=&#8221;vc_default&#8221; el_class=&#8221;acordio acordioIMG&#8221;][vc_column width=&#8221;1\/2&#8243; offset=&#8221;vc_hidden-lg vc_hidden-md vc_hidden-sm vc_hidden-xs&#8221;][vc_single_image image=&#8221;996&#8243; img_size=&#8221;full&#8221; alignment=&#8221;center&#8221; onclick=&#8221;custom_link&#8221; img_link_target=&#8221;_blank&#8221; css_animation=&#8221;bounce&#8221; link=&#8221;https:\/\/ajmasquefa-multimedia-wp.s3.eu-central-1.amazonaws.com\/wp-content\/uploads\/sites\/16\/2018\/03\/26094401\/CUINA-CATALANA.pdf&#8221;][vc_empty_space][\/vc_column][vc_column width=&#8221;1\/2&#8243;][vc_single_image image=&#8221;989&#8243; img_size=&#8221;full&#8221; alignment=&#8221;center&#8221; css_animation=&#8221;bounce&#8221;][vc_accordion active_tab=&#8221;&#8221; collapsible=&#8221;yes&#8221; style=&#8221;3&#8243; el_class=&#8221;acordio&#8221;][vc_accordion_tab title=&#8221;Publicacions del 2001 al 2007&#8243;][vc_row_inner el_class=&#8221;el-tomb&#8221;][vc_column_inner width=&#8221;1\/2&#8243;][vc_column_text]<strong>2001<\/strong><br \/>\n<i class=\"fa fa-file-pdf-o\"><\/i><a href=\"https:\/\/ajmasquefa-multimedia-wp.s3.eu-central-1.amazonaws.com\/wp-content\/uploads\/sites\/16\/2018\/10\/03160528\/tomb001.html_.pdf\">Un Tomb (setembre 2001)<\/a><br \/>\n<i class=\"fa fa-file-pdf-o\"><\/i><a href=\"https:\/\/ajmasquefa-multimedia-wp.s3.eu-central-1.amazonaws.com\/wp-content\/uploads\/sites\/16\/2018\/10\/03160529\/tomb002.html_.pdf\">Un Tomb (novembre 2001)<\/a><br \/>\n<i class=\"fa fa-file-pdf-o\"><\/i><a href=\"https:\/\/ajmasquefa-multimedia-wp.s3.eu-central-1.amazonaws.com\/wp-content\/uploads\/sites\/16\/2018\/10\/03160524\/tomb003.html_.pdf\">Un Tomb (desembre 2001)<\/a>[\/vc_column_text][\/vc_column_inner][vc_column_inner width=&#8221;1\/2&#8243;][vc_column_text]<strong>2002<\/strong><br \/>\n<i class=\"fa fa-file-pdf-o\"><\/i><a href=\"https:\/\/ajmasquefa-multimedia-wp.s3.eu-central-1.amazonaws.com\/wp-content\/uploads\/sites\/16\/2018\/10\/03160526\/tomb004.html_.pdf\">Un Tomb (gener 2002)<\/a><br \/>\n<i class=\"fa fa-file-pdf-o\"><\/i><a href=\"https:\/\/ajmasquefa-multimedia-wp.s3.eu-central-1.amazonaws.com\/wp-content\/uploads\/sites\/16\/2018\/10\/03161233\/tomb006.html_.pdf\">Un Tomb (febrer 2002)<\/a><br \/>\n<i class=\"fa fa-file-pdf-o\"><\/i><a href=\"https:\/\/ajmasquefa-multimedia-wp.s3.eu-central-1.amazonaws.com\/wp-content\/uploads\/sites\/16\/2018\/10\/03161232\/tomb005.html_.pdf\">Un Tomb (mar\u00e7 2002)<\/a><br \/>\n<i class=\"fa fa-file-pdf-o\"><\/i><a href=\"https:\/\/ajmasquefa-multimedia-wp.s3.eu-central-1.amazonaws.com\/wp-content\/uploads\/sites\/16\/2018\/10\/03161221\/tomb007.html_.pdf\">Un Tomb (abril 2002)<\/a><br \/>\n<i class=\"fa fa-file-pdf-o\"><\/i><a href=\"https:\/\/ajmasquefa-multimedia-wp.s3.eu-central-1.amazonaws.com\/wp-content\/uploads\/sites\/16\/2018\/10\/03161224\/tomb008.html_.pdf\">Un Tomb (maig 2002)<\/a><br \/>\n<i class=\"fa fa-file-pdf-o\"><\/i><a href=\"https:\/\/ajmasquefa-multimedia-wp.s3.eu-central-1.amazonaws.com\/wp-content\/uploads\/sites\/16\/2018\/10\/03161226\/tomb009.html_.pdf\">Un Tomb (juliol 2002)<\/a><br \/>\n<i class=\"fa fa-file-pdf-o\"><\/i><a href=\"https:\/\/ajmasquefa-multimedia-wp.s3.eu-central-1.amazonaws.com\/wp-content\/uploads\/sites\/16\/2018\/10\/03161227\/tomb010.html_.pdf\">Un Tomb (agost 2002)<\/a><br \/>\n<i class=\"fa fa-file-pdf-o\"><\/i><a href=\"https:\/\/ajmasquefa-multimedia-wp.s3.eu-central-1.amazonaws.com\/wp-content\/uploads\/sites\/16\/2018\/10\/03161228\/tomb011.html_.pdf\">Un Tomb (setembre 2002)<\/a><br \/>\n<i class=\"fa fa-file-pdf-o\"><\/i><a href=\"https:\/\/ajmasquefa-multimedia-wp.s3.eu-central-1.amazonaws.com\/wp-content\/uploads\/sites\/16\/2018\/10\/03161229\/tomb012.html_.pdf\">Un Tomb (octubre 2002)<\/a><br \/>\n<i class=\"fa fa-file-pdf-o\"><\/i><a href=\"https:\/\/ajmasquefa-multimedia-wp.s3.eu-central-1.amazonaws.com\/wp-content\/uploads\/sites\/16\/2018\/10\/03161230\/tomb013.html_.pdf\">Un Tomb (novembre 2002)<\/a><br \/>\n<i class=\"fa fa-file-pdf-o\"><\/i><a href=\"https:\/\/ajmasquefa-multimedia-wp.s3.eu-central-1.amazonaws.com\/wp-content\/uploads\/sites\/16\/2018\/10\/03161231\/tomb014.html_.pdf\">Un Tomb (desembre 2002)<\/a>[\/vc_column_text][\/vc_column_inner][\/vc_row_inner][vc_row_inner el_class=&#8221;el-tomb&#8221;][vc_column_inner width=&#8221;1\/2&#8243;][vc_column_text]<strong>2003<\/strong><br \/>\n<i class=\"fa fa-file-pdf-o\"><\/i><a href=\"https:\/\/ajmasquefa-multimedia-wp.s3.eu-central-1.amazonaws.com\/wp-content\/uploads\/sites\/16\/2018\/10\/03162057\/tomb015.html_.pdf\">Un Tomb (gener 2003)<\/a><br \/>\n<i class=\"fa fa-file-pdf-o\"><\/i><a href=\"https:\/\/ajmasquefa-multimedia-wp.s3.eu-central-1.amazonaws.com\/wp-content\/uploads\/sites\/16\/2018\/10\/03162058\/tomb016.html_.pdf\">Un Tomb (febrer 2003)<\/a><br \/>\n<i class=\"fa fa-file-pdf-o\"><\/i><a href=\"https:\/\/ajmasquefa-multimedia-wp.s3.eu-central-1.amazonaws.com\/wp-content\/uploads\/sites\/16\/2018\/10\/03162059\/tomb017.html_.pdf\">Un Tomb (mar\u00e7 2003)<\/a><br \/>\n<i class=\"fa fa-file-pdf-o\"><\/i><a href=\"https:\/\/ajmasquefa-multimedia-wp.s3.eu-central-1.amazonaws.com\/wp-content\/uploads\/sites\/16\/2018\/10\/03162043\/tomb018.html_.pdf\">Un Tomb (abril 200 3)<\/a><br \/>\n<i class=\"fa fa-file-pdf-o\"><\/i><a href=\"https:\/\/ajmasquefa-multimedia-wp.s3.eu-central-1.amazonaws.com\/wp-content\/uploads\/sites\/16\/2018\/10\/03162044\/tomb019.html_.pdf\">Un Tomb (maig 2003)<\/a><br \/>\n<i class=\"fa fa-file-pdf-o\"><\/i><a href=\"https:\/\/ajmasquefa-multimedia-wp.s3.eu-central-1.amazonaws.com\/wp-content\/uploads\/sites\/16\/2018\/10\/03162047\/tomb020.html_.pdf\">Un Tomb (juny 2003)<\/a><br \/>\n<i class=\"fa fa-file-pdf-o\"><\/i><a href=\"https:\/\/ajmasquefa-multimedia-wp.s3.eu-central-1.amazonaws.com\/wp-content\/uploads\/sites\/16\/2018\/10\/03162048\/tomb021.html_.pdf\">Un Tomb (juliol 2003)<\/a><br \/>\n<i class=\"fa fa-file-pdf-o\"><\/i><a href=\"https:\/\/ajmasquefa-multimedia-wp.s3.eu-central-1.amazonaws.com\/wp-content\/uploads\/sites\/16\/2018\/10\/03162051\/tomb022.html_.pdf\">Un Tomb (agost 2003)<\/a><br \/>\n<i class=\"fa fa-file-pdf-o\"><\/i><a href=\"https:\/\/ajmasquefa-multimedia-wp.s3.eu-central-1.amazonaws.com\/wp-content\/uploads\/sites\/16\/2018\/10\/03162053\/tomb023.html_.pdf\">Un Tomb (setembre 2003)<\/a><br \/>\n<i class=\"fa fa-file-pdf-o\"><\/i><a href=\"https:\/\/ajmasquefa-multimedia-wp.s3.eu-central-1.amazonaws.com\/wp-content\/uploads\/sites\/16\/2018\/10\/03162054\/tomb024.html_.pdf\">Un Tomb (octubre 2003)<\/a><br \/>\n<i class=\"fa fa-file-pdf-o\"><\/i><a href=\"https:\/\/ajmasquefa-multimedia-wp.s3.eu-central-1.amazonaws.com\/wp-content\/uploads\/sites\/16\/2018\/10\/03162055\/tomb025.html_.pdf\">Un Tomb (novembre 2003)<\/a><br \/>\n<i class=\"fa fa-file-pdf-o\"><\/i><a href=\"https:\/\/ajmasquefa-multimedia-wp.s3.eu-central-1.amazonaws.com\/wp-content\/uploads\/sites\/16\/2018\/10\/03162056\/tomb026.html_.pdf\">Un Tomb (desembre 2003)<\/a>[\/vc_column_text][\/vc_column_inner][vc_column_inner width=&#8221;1\/2&#8243;][vc_column_text]<strong>2004<\/strong><br \/>\n<i class=\"fa fa-file-pdf-o\"><\/i><a href=\"https:\/\/ajmasquefa-multimedia-wp.s3.eu-central-1.amazonaws.com\/wp-content\/uploads\/sites\/16\/2018\/10\/03162808\/tomb027.html_.pdf\">Un Tomb (gener 2004)<\/a><br \/>\n<i class=\"fa fa-file-pdf-o\"><\/i><a href=\"https:\/\/ajmasquefa-multimedia-wp.s3.eu-central-1.amazonaws.com\/wp-content\/uploads\/sites\/16\/2018\/10\/03162809\/tomb028.html_.pdf\">Un Tomb (febrer 2004)<\/a><br \/>\n<i class=\"fa fa-file-pdf-o\"><\/i><a href=\"https:\/\/ajmasquefa-multimedia-wp.s3.eu-central-1.amazonaws.com\/wp-content\/uploads\/sites\/16\/2018\/10\/03162810\/tomb029.html_.pdf\">Un Tomb (mar\u00e7 2004)<\/a><br \/>\n<i class=\"fa fa-file-pdf-o\"><\/i><a href=\"https:\/\/ajmasquefa-multimedia-wp.s3.eu-central-1.amazonaws.com\/wp-content\/uploads\/sites\/16\/2018\/10\/03162812\/tomb030.html_.pdf\">Un Tomb (abril 2004)<\/a><br \/>\n<i class=\"fa fa-file-pdf-o\"><\/i><a href=\"https:\/\/ajmasquefa-multimedia-wp.s3.eu-central-1.amazonaws.com\/wp-content\/uploads\/sites\/16\/2018\/10\/03162754\/tomb031.html_.pdf\">Un Tomb (maig 2004)<\/a><br \/>\n<i class=\"fa fa-file-pdf-o\"><\/i><a href=\"https:\/\/ajmasquefa-multimedia-wp.s3.eu-central-1.amazonaws.com\/wp-content\/uploads\/sites\/16\/2018\/10\/03162801\/tomb032.html_.pdf\">Un Tomb (juny 2004)<\/a><br \/>\n<i class=\"fa fa-file-pdf-o\"><\/i><a href=\"https:\/\/ajmasquefa-multimedia-wp.s3.eu-central-1.amazonaws.com\/wp-content\/uploads\/sites\/16\/2018\/10\/03162802\/tomb033.html_.pdf\">Un Tomb (juliol 2004)<\/a><br \/>\n<i class=\"fa fa-file-pdf-o\"><\/i><a href=\"https:\/\/ajmasquefa-multimedia-wp.s3.eu-central-1.amazonaws.com\/wp-content\/uploads\/sites\/16\/2018\/10\/03162803\/tomb034.html_.pdf\">Un Tomb (setembre 2004)<\/a><br \/>\n<i class=\"fa fa-file-pdf-o\"><\/i><a href=\"https:\/\/ajmasquefa-multimedia-wp.s3.eu-central-1.amazonaws.com\/wp-content\/uploads\/sites\/16\/2018\/10\/03162805\/tomb035.html_.pdf\">Un Tomb (octubre 2004)<\/a><br \/>\n<i class=\"fa fa-file-pdf-o\"><\/i><a href=\"https:\/\/ajmasquefa-multimedia-wp.s3.eu-central-1.amazonaws.com\/wp-content\/uploads\/sites\/16\/2018\/10\/03162806\/tomb036.html_.pdf\">Un Tomb (novembre 2004)<\/a><br \/>\n<i class=\"fa fa-file-pdf-o\"><\/i><a href=\"https:\/\/ajmasquefa-multimedia-wp.s3.eu-central-1.amazonaws.com\/wp-content\/uploads\/sites\/16\/2018\/10\/03162807\/tomb037.html_.pdf\">Un Tomb (desembre 2004)<\/a>[\/vc_column_text][\/vc_column_inner][\/vc_row_inner][vc_row_inner el_class=&#8221;el-tomb&#8221;][vc_column_inner width=&#8221;1\/2&#8243;][vc_column_text]<strong>2005<\/strong><br \/>\n<i class=\"fa fa-file-pdf-o\"><\/i><a href=\"https:\/\/ajmasquefa-multimedia-wp.s3.eu-central-1.amazonaws.com\/wp-content\/uploads\/sites\/16\/2018\/10\/03163511\/tomb038.html_.pdf\">Un Tomb (gener 2005)<\/a><br \/>\n<i class=\"fa fa-file-pdf-o\"><\/i><a href=\"hhttps:\/\/ajmasquefa-multimedia-wp.s3.eu-central-1.amazonaws.com\/wp-content\/uploads\/sites\/16\/2018\/10\/03163512\/tomb039.html_.pdf\">Un Tomb (febrer 2005)<\/a><br \/>\n<i class=\"fa fa-file-pdf-o\"><\/i><a href=\"https:\/\/ajmasquefa-multimedia-wp.s3.eu-central-1.amazonaws.com\/wp-content\/uploads\/sites\/16\/2018\/10\/03163513\/tomb040.html_.pdf\">Un Tomb (mar\u00e7 2005)<\/a><br \/>\n<i class=\"fa fa-file-pdf-o\"><\/i><a href=\"https:\/\/ajmasquefa-multimedia-wp.s3.eu-central-1.amazonaws.com\/wp-content\/uploads\/sites\/16\/2018\/10\/03163514\/tomb041.html_.pdf\">Un Tomb (abril 2005)<\/a><br \/>\n<i class=\"fa fa-file-pdf-o\"><\/i><a href=\"https:\/\/ajmasquefa-multimedia-wp.s3.eu-central-1.amazonaws.com\/wp-content\/uploads\/sites\/16\/2018\/10\/03163516\/tomb042.html_.pdf\">Un Tomb (maig 2005)<\/a><br \/>\n<i class=\"fa fa-file-pdf-o\"><\/i><a href=\"https:\/\/ajmasquefa-multimedia-wp.s3.eu-central-1.amazonaws.com\/wp-content\/uploads\/sites\/16\/2018\/10\/03163517\/tomb043.html_.pdf\">Un Tomb (juny 2005)<\/a><br \/>\n<i class=\"fa fa-file-pdf-o\"><\/i><a href=\"https:\/\/ajmasquefa-multimedia-wp.s3.eu-central-1.amazonaws.com\/wp-content\/uploads\/sites\/16\/2018\/10\/03163502\/tomb044.html_.pdf\">Un Tomb (juliol 2005)<\/a><br \/>\n<i class=\"fa fa-file-pdf-o\"><\/i><a href=\"https:\/\/ajmasquefa-multimedia-wp.s3.eu-central-1.amazonaws.com\/wp-content\/uploads\/sites\/16\/2018\/10\/03163503\/tomb045.html_.pdf\">Un Tomb (setembre 2005)<\/a><br \/>\n<i class=\"fa fa-file-pdf-o\"><\/i><a href=\"https:\/\/ajmasquefa-multimedia-wp.s3.eu-central-1.amazonaws.com\/wp-content\/uploads\/sites\/16\/2018\/10\/03163505\/tomb046.html_.pdf\">Un Tomb (octubre 2005)<\/a><br \/>\n<i class=\"fa fa-file-pdf-o\"><\/i><a href=\"https:\/\/ajmasquefa-multimedia-wp.s3.eu-central-1.amazonaws.com\/wp-content\/uploads\/sites\/16\/2018\/10\/03163508\/tomb047.html_.pdf\">Un Tomb (novembre 2005)<\/a><br \/>\n<i class=\"fa fa-file-pdf-o\"><\/i><a href=\"https:\/\/ajmasquefa-multimedia-wp.s3.eu-central-1.amazonaws.com\/wp-content\/uploads\/sites\/16\/2018\/10\/03163510\/tomb048.html_.pdf\">Un Tomb (desembre 2005)<\/a>[\/vc_column_text][\/vc_column_inner][vc_column_inner width=&#8221;1\/2&#8243;][vc_column_text]<strong>2006<\/strong><br \/>\n<i class=\"fa fa-file-pdf-o\"><\/i><a href=\"https:\/\/ajmasquefa-multimedia-wp.s3.eu-central-1.amazonaws.com\/wp-content\/uploads\/sites\/16\/2018\/10\/03164138\/tomb049.html_.pdf\">Un Tomb (gener 2006)<\/a><br \/>\n<i class=\"fa fa-file-pdf-o\"><\/i><a href=\"https:\/\/ajmasquefa-multimedia-wp.s3.eu-central-1.amazonaws.com\/wp-content\/uploads\/sites\/16\/2018\/10\/03164139\/tomb050.html_.pdf\">Un Tomb (febrer 2006)<\/a><br \/>\n<i class=\"fa fa-file-pdf-o\"><\/i><a href=\"https:\/\/ajmasquefa-multimedia-wp.s3.eu-central-1.amazonaws.com\/wp-content\/uploads\/sites\/16\/2018\/10\/03164140\/tomb051.html_.pdf\">Un Tomb (mar\u00e7 2006)<\/a><br \/>\n<i class=\"fa fa-file-pdf-o\"><\/i><a href=\"https:\/\/ajmasquefa-multimedia-wp.s3.eu-central-1.amazonaws.com\/wp-content\/uploads\/sites\/16\/2018\/10\/03164141\/tomb052.html_.pdf\">Un Tomb (abril 2006)<\/a><br \/>\n<i class=\"fa fa-file-pdf-o\"><\/i><a href=\"https:\/\/ajmasquefa-multimedia-wp.s3.eu-central-1.amazonaws.com\/wp-content\/uploads\/sites\/16\/2018\/10\/03164142\/tomb053.html_.pdf\">Un Tomb (maig 2006)<\/a><br \/>\n<i class=\"fa fa-file-pdf-o\"><\/i><a href=\"https:\/\/ajmasquefa-multimedia-wp.s3.eu-central-1.amazonaws.com\/wp-content\/uploads\/sites\/16\/2018\/10\/03164143\/tomb054.html_.pdf\">Un Tomb (juny 2006)<\/a><br \/>\n<i class=\"fa fa-file-pdf-o\"><\/i><a href=\"https:\/\/ajmasquefa-multimedia-wp.s3.eu-central-1.amazonaws.com\/wp-content\/uploads\/sites\/16\/2018\/10\/03164145\/tomb055.html_.pdf\">Un Tomb (juliol 2006)<\/a><br \/>\n<i class=\"fa fa-file-pdf-o\"><\/i><a href=\"https:\/\/ajmasquefa-multimedia-wp.s3.eu-central-1.amazonaws.com\/wp-content\/uploads\/sites\/16\/2018\/10\/03164133\/tomb056.html_.pdf\">Un Tomb (setembre 2006)<\/a><br \/>\n<i class=\"fa fa-file-pdf-o\"><\/i><a href=\"https:\/\/ajmasquefa-multimedia-wp.s3.eu-central-1.amazonaws.com\/wp-content\/uploads\/sites\/16\/2018\/10\/03164134\/tomb057.html_.pdf\">Un Tomb (octubre 2006)<\/a><br \/>\n<i class=\"fa fa-file-pdf-o\"><\/i><a href=\"https:\/\/ajmasquefa-multimedia-wp.s3.eu-central-1.amazonaws.com\/wp-content\/uploads\/sites\/16\/2018\/10\/03164136\/tomb058.html_.pdf\">Un Tomb (novembre 2006)<\/a><br \/>\n<i class=\"fa fa-file-pdf-o\"><\/i><a href=\"https:\/\/ajmasquefa-multimedia-wp.s3.eu-central-1.amazonaws.com\/wp-content\/uploads\/sites\/16\/2018\/10\/03164136\/tomb058.html_.pdf\">Un Tomb (novembre 2006)<\/a><br \/>\n<i class=\"fa fa-file-pdf-o\"><\/i><a href=\"https:\/\/ajmasquefa-multimedia-wp.s3.eu-central-1.amazonaws.com\/wp-content\/uploads\/sites\/16\/2018\/10\/03164137\/tomb059.html_.pdf\">Un Tomb (desembre 2006)<\/a>[\/vc_column_text][\/vc_column_inner][\/vc_row_inner][vc_row_inner el_class=&#8221;el-tomb&#8221;][vc_column_inner width=&#8221;1\/2&#8243;][vc_column_text]<strong>2007<\/strong><br \/>\n<i class=\"fa fa-file-pdf-o\"><\/i><a href=\"https:\/\/ajmasquefa-multimedia-wp.s3.eu-central-1.amazonaws.com\/wp-content\/uploads\/sites\/16\/2018\/10\/03165051\/tomb060.html_.pdf\">Un Tomb (gener 2007)<\/a><br \/>\n<i class=\"fa fa-file-pdf-o\"><\/i><a href=\"https:\/\/ajmasquefa-multimedia-wp.s3.eu-central-1.amazonaws.com\/wp-content\/uploads\/sites\/16\/2018\/10\/03165052\/tomb061.html_.pdf\">Un Tomb (febrer 2007)<\/a><br \/>\n<i class=\"fa fa-file-pdf-o\"><\/i><a href=\"https:\/\/ajmasquefa-multimedia-wp.s3.eu-central-1.amazonaws.com\/wp-content\/uploads\/sites\/16\/2018\/10\/03165048\/tomb062.html_.pdf\">Un Tomb (mar\u00e7 2007)<\/a><br \/>\n<i class=\"fa fa-file-pdf-o\"><\/i><a href=\"https:\/\/ajmasquefa-multimedia-wp.s3.eu-central-1.amazonaws.com\/wp-content\/uploads\/sites\/16\/2018\/10\/03165050\/tomb063.html_.pdf\">Un Tomb (abril 2007)<\/a>[\/vc_column_text][\/vc_column_inner][vc_column_inner width=&#8221;1\/2&#8243;][\/vc_column_inner][\/vc_row_inner][\/vc_accordion_tab][\/vc_accordion][\/vc_column][\/vc_row][vc_row full_width=&#8221;stretch_row_content_no_spaces&#8221; el_class=&#8221;presentacio&#8221;][vc_column width=&#8221;1\/2&#8243;][vc_row_inner el_id=&#8221;equipaments&#8221;][vc_column_inner css=&#8221;.vc_custom_1519054245371{padding-top: 50px !important;}&#8221;][\/vc_column_inner][\/vc_row_inner][vc_empty_space height=&#8221;30px&#8221;][vc_column_text el_class=&#8221;titol-serveis&#8221; css=&#8221;.vc_custom_1477912222670{margin-bottom: 30px !important;padding-bottom: 0px !important;}&#8221;]<\/p>\n<h2>Equipaments<\/h2>\n<p>[\/vc_column_text]<div id=\"ult-carousel-59283614369f4e4a8e8cc2\" class=\"ult-carousel-wrapper  carrusel-equipaments ult_horizontal\" data-gutter=\"0\" data-rtl=\"false\" ><div class=\"ult-carousel-279629306369f4e4a8e8bf6 \" ><div class=\"ult-item-wrap\" data-animation=\"animated no-animation\"><section class=\"shortcode-teaser img-full frame-on\"><div class=\"layzr-bg shortcode-teaser-img\"><img class=\"lazy-load\"src=\"data:image\/svg+xml;charset=utf-8,%3Csvg xmlns%3D&#039;http%3A%2F%2Fwww.w3.org%2F2000%2Fsvg&#039; viewBox%3D&#039;0 0 568 375&#039;%2F%3E\"width=\"568\"height=\"375\"alt=\"Biblioteca de Maquefa\"data-src=\"http:\/\/masquefa.cat\/cultura\/wp-content\/uploads\/sites\/16\/2017\/11\/Biblioteca_Equipaments.jpg\"data-srcset=\"http:\/\/masquefa.cat\/cultura\/wp-content\/uploads\/sites\/16\/2017\/11\/Biblioteca_Equipaments.jpg 568w\"\/><\/div><div class=\"shortcode-teaser-content text-normal\"><div class=\"equipaments-content\">\n<h2>Biblioteca Maria Carme Junyent Figueras<\/h2>\n<h4>C\/ Rogelio Rojo, 5-9<\/h4>\n<h4>Masquefa 08783<\/h4>\n<p><strong>Tel\u00e8fon<\/strong>: 93 772 78 73<\/p>\n<p><strong><a href=\"https:\/\/ajmasquefa-multimedia-wp.s3.eu-central-1.amazonaws.com\/wp-content\/uploads\/2026\/01\/05090953\/horaris-2026-biblioteca.pdf\" target=\"_blank\" rel=\"noopener noreferrer\">Horari<\/a><\/strong><\/p>\n<p><strong>Correu electr\u00f2nic: <a href=\"mailto:b.masquefa@masquefa.cat\">b.masquefa@masquefa.cat<\/a> \u00a0\u00a0<\/strong><\/p>\n<\/div>\n<div class=\"equipaments-map\"><iframe loading=\"lazy\" style=\"border: 0;\" src=\"https:\/\/www.google.com\/maps\/embed?pb=!1m18!1m12!1m3!1d2988.152761057457!2d1.8123109157328245!3d41.500964296908705!2m3!1f0!2f0!3f0!3m2!1i1024!2i768!4f13.1!3m3!1m2!1s0x12a46218dc879035%3A0x8c5a888e3745d912!2sBiblioteca+Municipal+de+Masquefa!5e0!3m2!1ses!2ses!4v1505993288513\" width=\"300\" height=\"150\" frameborder=\"0\" allowfullscreen=\"allowfullscreen\"><\/iframe><\/div>\n<\/div><\/section><\/div><div class=\"ult-item-wrap\" data-animation=\"animated no-animation\"><section class=\"shortcode-teaser img-full frame-on\"><div class=\"layzr-bg shortcode-teaser-img\"><img class=\"lazy-load\"src=\"data:image\/svg+xml;charset=utf-8,%3Csvg xmlns%3D&#039;http%3A%2F%2Fwww.w3.org%2F2000%2Fsvg&#039; viewBox%3D&#039;0 0 568 375&#039;%2F%3E\"width=\"568\"height=\"375\"data-src=\"https:\/\/ajmasquefa-multimedia-wp.s3.eu-central-1.amazonaws.com\/wp-content\/uploads\/sites\/16\/2017\/01\/11100521\/Capella-del-Roser-Masquefa.jpg\"data-srcset=\"https:\/\/ajmasquefa-multimedia-wp.s3.eu-central-1.amazonaws.com\/wp-content\/uploads\/sites\/16\/2017\/01\/11100521\/Capella-del-Roser-Masquefa.jpg 568w\"\/><\/div><div class=\"shortcode-teaser-content text-normal\"><div class=\"equipaments-content\">\n<h2>Capella del Roser<\/h2>\n<h4>C\/ Major, 88<\/h4>\n<h4>Masquefa 08783<\/h4>\n<p><strong>Tel\u00e8fon<\/strong>:93 772 50 30<\/p>\n<\/div>\n<div class=\"equipaments-map\"><iframe loading=\"lazy\" style=\"border: 0;\" src=\"https:\/\/www.google.com\/maps\/embed?pb=!1m18!1m12!1m3!1d2988.0841827255467!2d1.8090738157328516!3d41.50245049681651!2m3!1f0!2f0!3f0!3m2!1i1024!2i768!4f13.1!3m3!1m2!1s0x12a46221f37575cd%3A0xfde4c3c771caceea!2sCarrer+Major%2C+88%2C+08783+Masquefa%2C+Barcelona!5e0!3m2!1ses!2ses!4v1505993440139\" width=\"300\" height=\"150\" frameborder=\"0\" allowfullscreen=\"allowfullscreen\"><\/iframe><\/div>\n<\/div><\/section><\/div><div class=\"ult-item-wrap\" data-animation=\"animated no-animation\"><section class=\"shortcode-teaser img-full frame-on\"><div class=\"layzr-bg shortcode-teaser-img\"><img class=\"lazy-load\"src=\"data:image\/svg+xml;charset=utf-8,%3Csvg xmlns%3D&#039;http%3A%2F%2Fwww.w3.org%2F2000%2Fsvg&#039; viewBox%3D&#039;0 0 568 375&#039;%2F%3E\"width=\"568\"height=\"375\"data-src=\"https:\/\/ajmasquefa-multimedia-wp.s3.eu-central-1.amazonaws.com\/wp-content\/uploads\/sites\/16\/2017\/01\/04114829\/Equipaments-La-Fabrica.jpg\"data-srcset=\"https:\/\/ajmasquefa-multimedia-wp.s3.eu-central-1.amazonaws.com\/wp-content\/uploads\/sites\/16\/2017\/01\/04114829\/Equipaments-La-Fabrica.jpg 568w\"\/><\/div><div class=\"shortcode-teaser-content text-normal\"><div class=\"equipaments-content\">\n<h2>La F\u00e0brica Rogelio Rojo<\/h2>\n<h4>C\/ Santa Clara, 16 &#8211; 22<\/h4>\n<h4>Masquefa 08783<\/h4>\n<p><strong>Tel\u00e8fon<\/strong>: 93 772 50 30<\/p>\n<p><strong>Correu electr\u00f2nic<\/strong>: <a href=\"mailto:cultura@masquefa.cat\">cultura@masquefa.cat<\/a><\/p>\n<\/div>\n<div class=\"equipaments-map\"><iframe loading=\"lazy\" style=\"border: 0;\" src=\"https:\/\/www.google.com\/maps\/embed?pb=!1m18!1m12!1m3!1d2988.1957333879886!2d1.812624815732796!3d41.50003299696668!2m3!1f0!2f0!3f0!3m2!1i1024!2i768!4f13.1!3m3!1m2!1s0x12a4621901d5195b%3A0x2f954aa1cf59100c!2sCarrer+Santa+Clara%2C+16%2C+08783+Masquefa%2C+Barcelona!5e0!3m2!1ses!2ses!4v1505993520010\" width=\"300\" height=\"150\" frameborder=\"0\" allowfullscreen=\"allowfullscreen\"><\/iframe><\/div>\n<\/div><\/section><\/div><\/div><\/div>\t\t\t<script type=\"text\/javascript\">\n\t\t\t\tjQuery(document).ready(function ($) {\n\t\t\t\t\tif( typeof jQuery('.ult-carousel-279629306369f4e4a8e8bf6').slick == \"function\"){\n\t\t\t\t\t\t$('.ult-carousel-279629306369f4e4a8e8bf6').slick({dots: true,autoplay: true,autoplaySpeed: 5000,speed: 300,infinite: true,arrows: false,slidesToScroll:1,slidesToShow:1,swipe: false,draggable: false,touchMove: true,pauseOnHover: true,pauseOnFocus: false,adaptiveHeight: true,responsive: [\n\t\t\t\t\t\t\t{\n\t\t\t\t\t\t\t  breakpoint: 1026,\n\t\t\t\t\t\t\t  settings: {\n\t\t\t\t\t\t\t\tslidesToShow: 1,\n\t\t\t\t\t\t\t\tslidesToScroll: 1,  \n\t\t\t\t\t\t\t  }\n\t\t\t\t\t\t\t},\n\t\t\t\t\t\t\t{\n\t\t\t\t\t\t\t  breakpoint: 1025,\n\t\t\t\t\t\t\t  settings: {\n\t\t\t\t\t\t\t\tslidesToShow: 1,\n\t\t\t\t\t\t\t\tslidesToScroll: 1\n\t\t\t\t\t\t\t  }\n\t\t\t\t\t\t\t},\n\t\t\t\t\t\t\t{\n\t\t\t\t\t\t\t  breakpoint: 760,\n\t\t\t\t\t\t\t  settings: {\n\t\t\t\t\t\t\t\tslidesToShow: 1,\n\t\t\t\t\t\t\t\tslidesToScroll: 1\n\t\t\t\t\t\t\t  }\n\t\t\t\t\t\t\t}\n\t\t\t\t\t\t],pauseOnDotsHover: true,customPaging: function(slider, i) {\n                   return '<i type=\"button\" style= \"color:#950862;\" class=\"ultsl-record\" data-role=\"none\"><\/i>';\n                },});\n\t\t\t\t\t}\n\t\t\t\t});\n\t\t\t<\/script>\n\t\t\t[\/vc_column][vc_column width=&#8221;1\/2&#8243; el_class=&#8221;bloc&#8221;][vc_row_inner el_id=&#8221;actualitat&#8221;][vc_column_inner css=&#8221;.vc_custom_1519054251906{padding-top: 50px !important;}&#8221;][\/vc_column_inner][\/vc_row_inner][vc_empty_space][vc_column_text el_class=&#8221;titol-serveis&#8221; css=&#8221;.vc_custom_1505731659836{margin-bottom: 10px !important;padding-bottom: 0px !important;}&#8221;]<\/p>\n<h2>Actualitat<\/h2>\n<p>[\/vc_column_text][vc_column_text]<div class=\"feedzy-a7ef7633a02883587c2f97c22d40aad6 feedzy-rss\"><ul><li  style=\"padding: 10px 0 17px\" class=\"rss_item\"><div class=\"rss_image\" style=\"width:100px; height:100px;\"><a href=\"http:\/\/masquefa.cat\/noticies\/masquefa-impulsa-per-primera-vegada-lobra-de-teatre-els-pastorets-amb-una-crida-oberta-a-la-participacio-ciutadana\/\" target=\"_blank\" rel=\" noopener\" title=\"Masquefa impulsa per primera vegada l\u2019obra de teatre \u201cEls Pastorets\u201d amb una crida oberta a la participaci\u00f3 ciutadana\" style=\"width:100px; height:100px;\"><span class=\"fetched\" style=\"background-image:  url('https:\/\/ajmasquefa-multimedia-wp.s3.eu-central-1.amazonaws.com\/wp-content\/uploads\/sites\/22\/2026\/04\/29123406\/PASTORETS-MASQUEFA-7-1.png');\" title=\"Masquefa impulsa per primera vegada l\u2019obra de teatre \u201cEls Pastorets\u201d amb una crida oberta a la participaci\u00f3 ciutadana\"><\/span><amp-img width=\"100\" height=\"100\" src=\"https:\/\/ajmasquefa-multimedia-wp.s3.eu-central-1.amazonaws.com\/wp-content\/uploads\/sites\/22\/2026\/04\/29123406\/PASTORETS-MASQUEFA-7-1.png\"><\/a><\/div><span class=\"title\"><a href=\"http:\/\/masquefa.cat\/noticies\/masquefa-impulsa-per-primera-vegada-lobra-de-teatre-els-pastorets-amb-una-crida-oberta-a-la-participacio-ciutadana\/\" target=\"_blank\" rel=\" noopener\">Masquefa impulsa per primera vegada l\u2019obra de teatre \u201cEls Pastorets\u201d amb una crida oberta a la participaci\u00f3 ciutadana<\/a><\/span><div class=\"rss_content\" style=\"\"><small>by <a href=\"\/\/masquefa.cat\" target=\"_blank\" title=\"masquefa.cat\">Ajuntament de Masquefa<\/a> on 29 d'abril de 2026 at 10:34 <\/small><p>La regidoria de cultura de l\u2019Ajuntament de Masquefa ha obert el per\u00edode d\u2019inscripcions per participar en la primera edici\u00f3 dels Pastorets de [&hellip;]<\/p><\/div><\/li><li  style=\"padding: 10px 0 17px\" class=\"rss_item\"><div class=\"rss_image\" style=\"width:100px; height:100px;\"><a href=\"http:\/\/masquefa.cat\/noticies\/masquefa-agraeix-la-implicacio-del-teixit-comercial-i-associatiu-en-la-diada-de-sant-jordi\/\" target=\"_blank\" rel=\" noopener\" title=\"Masquefa agraeix la implicaci\u00f3 del teixit comercial i associatiu en la Diada de Sant Jordi\" style=\"width:100px; height:100px;\"><span class=\"fetched\" style=\"background-image:  url('https:\/\/ajmasquefa-multimedia-wp.s3.eu-central-1.amazonaws.com\/wp-content\/uploads\/sites\/22\/2026\/04\/29073116\/2306566c-e3b0-4df7-afba-502594fe0a6e-scaled.jpg');\" title=\"Masquefa agraeix la implicaci\u00f3 del teixit comercial i associatiu en la Diada de Sant Jordi\"><\/span><amp-img width=\"100\" height=\"100\" src=\"https:\/\/ajmasquefa-multimedia-wp.s3.eu-central-1.amazonaws.com\/wp-content\/uploads\/sites\/22\/2026\/04\/29073116\/2306566c-e3b0-4df7-afba-502594fe0a6e-scaled.jpg\"><\/a><\/div><span class=\"title\"><a href=\"http:\/\/masquefa.cat\/noticies\/masquefa-agraeix-la-implicacio-del-teixit-comercial-i-associatiu-en-la-diada-de-sant-jordi\/\" target=\"_blank\" rel=\" noopener\">Masquefa agraeix la implicaci\u00f3 del teixit comercial i associatiu en la Diada de Sant Jordi<\/a><\/span><div class=\"rss_content\" style=\"\"><small>by <a href=\"\/\/masquefa.cat\" target=\"_blank\" title=\"masquefa.cat\">Ajuntament de Masquefa<\/a> on 29 d'abril de 2026 at 5:31 <\/small><p>La celebraci\u00f3 ha comptat amb una \u00e0mplia participaci\u00f3 d\u2019entitats i comer\u00e7os, que han contribu\u00eft a fer de la jornada tot un \u00e8xit. [&hellip;]<\/p><\/div><\/li><li  style=\"padding: 10px 0 17px\" class=\"rss_item\"><div class=\"rss_image\" style=\"width:100px; height:100px;\"><a href=\"http:\/\/masquefa.cat\/noticies\/masquefa-celebra-la-diada-de-sant-jordi-denguany-amb-una-jornada-plena-de-cultura-i-tradicio\/\" target=\"_blank\" rel=\" noopener\" title=\"Masquefa celebra la Diada de Sant Jordi d\u2019enguany amb una jornada plena de cultura i tradici\u00f3\" style=\"width:100px; height:100px;\"><span class=\"fetched\" style=\"background-image:  url('https:\/\/ajmasquefa-multimedia-wp.s3.eu-central-1.amazonaws.com\/wp-content\/uploads\/sites\/22\/2026\/04\/21091837\/NOTI-WEB.png');\" title=\"Masquefa celebra la Diada de Sant Jordi d\u2019enguany amb una jornada plena de cultura i tradici\u00f3\"><\/span><amp-img width=\"100\" height=\"100\" src=\"https:\/\/ajmasquefa-multimedia-wp.s3.eu-central-1.amazonaws.com\/wp-content\/uploads\/sites\/22\/2026\/04\/21091837\/NOTI-WEB.png\"><\/a><\/div><span class=\"title\"><a href=\"http:\/\/masquefa.cat\/noticies\/masquefa-celebra-la-diada-de-sant-jordi-denguany-amb-una-jornada-plena-de-cultura-i-tradicio\/\" target=\"_blank\" rel=\" noopener\">Masquefa celebra la Diada de Sant Jordi d\u2019enguany amb una jornada plena de cultura i tradici\u00f3<\/a><\/span><div class=\"rss_content\" style=\"\"><small>by <a href=\"\/\/masquefa.cat\" target=\"_blank\" title=\"masquefa.cat\">Ajuntament de Masquefa<\/a> on 21 d'abril de 2026 at 7:19 <\/small><p>La vila desplega una programaci\u00f3 extensa amb parades dels comer\u00e7os i entitats locals i amb activitats familiars i propostes de tota mena al llarg [&hellip;]<\/p><\/div><\/li><li  style=\"padding: 10px 0 17px\" class=\"rss_item\"><div class=\"rss_image\" style=\"width:100px; height:100px;\"><a href=\"http:\/\/masquefa.cat\/noticies\/impuls-a-la-nova-escola-municipal-de-musica-de-masquefa-emma\/\" target=\"_blank\" rel=\" noopener\" title=\"Impuls a la nova Escola Municipal de M\u00fasica de Masquefa (EMMA)\" style=\"width:100px; height:100px;\"><span class=\"fetched\" style=\"background-image:  url('https:\/\/ajmasquefa-multimedia-wp.s3.eu-central-1.amazonaws.com\/wp-content\/uploads\/sites\/22\/2026\/04\/20124348\/WhatsApp-Image-2026-04-20-at-12.11.20.jpeg');\" title=\"Impuls a la nova Escola Municipal de M\u00fasica de Masquefa (EMMA)\"><\/span><amp-img width=\"100\" height=\"100\" src=\"https:\/\/ajmasquefa-multimedia-wp.s3.eu-central-1.amazonaws.com\/wp-content\/uploads\/sites\/22\/2026\/04\/20124348\/WhatsApp-Image-2026-04-20-at-12.11.20.jpeg\"><\/a><\/div><span class=\"title\"><a href=\"http:\/\/masquefa.cat\/noticies\/impuls-a-la-nova-escola-municipal-de-musica-de-masquefa-emma\/\" target=\"_blank\" rel=\" noopener\">Impuls a la nova Escola Municipal de M\u00fasica de Masquefa (EMMA)<\/a><\/span><div class=\"rss_content\" style=\"\"><small>by <a href=\"\/\/masquefa.cat\" target=\"_blank\" title=\"masquefa.cat\">Ajuntament de Masquefa<\/a> on 20 d'abril de 2026 at 10:43 <\/small><p>Durant els mesos de mar\u00e7 i abril ha estat obert el procediment de licitaci\u00f3 per la gesti\u00f3 de la nova Escola Municipal de M\u00fasica de Masquefa [&hellip;]<\/p><\/div><\/li><\/ul> <\/div><style type=\"text\/css\" media=\"all\">.feedzy-rss .rss_item .rss_image{float:left;position:relative;border:none;text-decoration:none;max-width:100%}.feedzy-rss .rss_item .rss_image span{display:inline-block;position:absolute;width:100%;height:100%;background-position:50%;background-size:cover}.feedzy-rss .rss_item .rss_image{margin:.3em 1em 0 0;content-visibility:auto}.feedzy-rss ul{list-style:none}.feedzy-rss ul li{display:inline-block}<\/style>[\/vc_column_text][vc_btn title=&#8221;Totes les not\u00edcies&#8221; style=&#8221;custom&#8221; custom_background=&#8221;#fcfcfc&#8221; custom_text=&#8221;#999999&#8243; shape=&#8221;square&#8221; size=&#8221;sm&#8221; align=&#8221;center&#8221; link=&#8221;url:%2Fnoticies%2F%3Fterm%3D61%26orderby%3Ddate%26order%3DDESC||target:%20_blank|&#8221; el_class=&#8221;boto-bloc&#8221; css=&#8221;.vc_custom_1505737927404{margin-top: 20px !important;border-top-width: 0px !important;}&#8221;][\/vc_column][\/vc_row][vc_row type=&#8221;vc_default&#8221; full_width=&#8221;stretch_row_content_no_spaces&#8221; bg_type=&#8221;grad&#8221; parallax_content=&#8221;parallax_content_value&#8221; seperator_enable=&#8221;seperator_enable_value&#8221; seperator_type=&#8221;multi_triangle_seperator&#8221; seperator_shape_background=&#8221;#f1f1f1&#8243; css=&#8221;.vc_custom_1507300374322{margin-top: 0px !important;margin-bottom: 0px !important;padding-top: 30px !important;padding-bottom: 80px !important;}&#8221; bg_grad=&#8221;background: -webkit-gradient(linear, left top, left bottom, color-stop(32%, #960862), color-stop(100%, #E355AF));background: -moz-linear-gradient(top,#960862 32%,#E355AF 100%);background: -webkit-linear-gradient(top,#960862 32%,#E355AF 100%);background: -o-linear-gradient(top,#960862 32%,#E355AF 100%);background: -ms-linear-gradient(top,#960862 32%,#E355AF 100%);background: linear-gradient(top,#960862 32%,#E355AF 100%);&#8221; el_id=&#8221;contacte&#8221;][vc_column][vc_row_inner css=&#8221;.vc_custom_1505209460724{margin-top: 50px !important;margin-bottom: 0px !important;padding-bottom: 20px !important;background-color: #ffffff !important;}&#8221; el_id=&#8221;row-banner-dades&#8221;][vc_column_inner][vc_empty_space height=&#8221;10px&#8221;][vc_column_text el_class=&#8221;titol-banner-la-meva-ciutat&#8221;]<\/p>\n<h2 style=\"text-align: center;\">Contacte<\/h2>\n<p>[\/vc_column_text][\/vc_column_inner][\/vc_row_inner][vc_row_inner el_id=&#8221;row-banner&#8221; css=&#8221;.vc_custom_1504878252020{margin-top: 0px !important;margin-bottom: 50px !important;padding-bottom: 20px !important;background-color: #ffffff !important;}&#8221;][vc_column_inner el_class=&#8221;column-banner-dades&#8221; width=&#8221;1\/4&#8243; css=&#8221;.vc_custom_1507197328815{background-color: #ffffff !important;}&#8221; offset=&#8221;vc_hidden-sm vc_hidden-xs&#8221;][vc_column_text el_class=&#8221;titol-banner-la-meva-ciutat&#8221;]<\/p>\n<h3 style=\"text-align: left; padding-left: 60px;\">Regidoria de Cultura<\/h3>\n<p style=\"text-align: left; padding-left: 60px;\"><strong>Adre\u00e7a<\/strong>: C\/ Rogelio Rojo, 5 \u2013 9 (Biblioteca)<\/p>\n<p style=\"text-align: left; padding-left: 60px;\">Masquefa 08783<br \/>\n<strong>Tel\u00e8fon<\/strong>: 93 772 50 30<br \/>\n<strong>Correu electr\u00f2nic:<\/strong> <a href=\"mailto:cultura@masquefa.net\">cultura@masquefa.net<\/a><\/p>\n<p>[\/vc_column_text][\/vc_column_inner][vc_column_inner el_class=&#8221;column-banner&#8221; width=&#8221;3\/4&#8243; css=&#8221;.vc_custom_1505209370100{background-color: #ffffff !important;}&#8221;]\n<div class=\"wpcf7 no-js\" id=\"wpcf7-f351-o1\" lang=\"ca\" dir=\"ltr\">\n<div class=\"screen-reader-response\"><p role=\"status\" aria-live=\"polite\" aria-atomic=\"true\"><\/p> <ul><\/ul><\/div>\n<form action=\"\/cultura\/wp-json\/wp\/v2\/pages\/10#wpcf7-f351-o1\" method=\"post\" class=\"wpcf7-form init\" aria-label=\"Formulari de contacte\" novalidate=\"novalidate\" data-status=\"init\">\n<div style=\"display: none;\">\n<input type=\"hidden\" name=\"_wpcf7\" value=\"351\" \/>\n<input type=\"hidden\" name=\"_wpcf7_version\" value=\"5.7.4\" \/>\n<input type=\"hidden\" name=\"_wpcf7_locale\" value=\"ca\" \/>\n<input type=\"hidden\" name=\"_wpcf7_unit_tag\" value=\"wpcf7-f351-o1\" \/>\n<input type=\"hidden\" name=\"_wpcf7_container_post\" value=\"0\" \/>\n<input type=\"hidden\" name=\"_wpcf7_posted_data_hash\" value=\"\" \/>\n<input type=\"hidden\" name=\"_wpcf7_recaptcha_response\" value=\"\" \/>\n<\/div>\n<p><label><span class=\"wpcf7-form-control-wrap\" data-name=\"nom\"><input size=\"40\" class=\"wpcf7-form-control wpcf7-text wpcf7-validates-as-required\" aria-required=\"true\" aria-invalid=\"false\" placeholder=\"Nom i cognoms\" value=\"\" type=\"text\" name=\"nom\" \/><\/span><\/label>\n<\/p>\n<p><label><span class=\"wpcf7-form-control-wrap\" data-name=\"correu\"><input size=\"40\" class=\"wpcf7-form-control wpcf7-text wpcf7-email wpcf7-validates-as-required wpcf7-validates-as-email\" aria-required=\"true\" aria-invalid=\"false\" placeholder=\"Correu electr\u00f2nic\" value=\"\" type=\"email\" name=\"correu\" \/><\/span><\/label>\n<\/p>\n<p><label><span class=\"wpcf7-form-control-wrap\" data-name=\"missatge\"><textarea cols=\"40\" rows=\"10\" class=\"wpcf7-form-control wpcf7-textarea wpcf7-validates-as-required\" aria-required=\"true\" aria-invalid=\"false\" placeholder=\"Missatge\" name=\"missatge\"><\/textarea><\/span><\/label>\n<\/p>\n<span class=\"wpcf7-form-control-wrap recaptcha\" data-name=\"recaptcha\"><span data-sitekey=\"6LepMCwaAAAAADaLMdkSthhgEQPEHpN2N2nbokEc\" class=\"wpcf7-form-control g-recaptcha wpcf7-recaptcha\"><\/span>\r\n<noscript>\r\n\t<div class=\"grecaptcha-noscript\">\r\n\t\t<iframe src=\"https:\/\/www.google.com\/recaptcha\/api\/fallback?k=6LepMCwaAAAAADaLMdkSthhgEQPEHpN2N2nbokEc\" frameborder=\"0\" scrolling=\"no\" width=\"310\" height=\"430\">\r\n\t\t<\/iframe>\r\n\t\t<textarea name=\"g-recaptcha-response\" rows=\"3\" cols=\"40\" placeholder=\"reCaptcha Response Here\">\r\n\t\t<\/textarea>\r\n\t<\/div>\r\n<\/noscript>\r\n<\/span>\n<p><input class=\"wpcf7-form-control has-spinner wpcf7-submit\" type=\"submit\" value=\"Enviar\" \/>\n<\/p>\n<div class=\"ataTextForms\" style=\"font-size: 11px; line-height: 14px;margin-top:20px;\">\n\t<p style=\"margin-bottom:0;\"><strong>Responsable del tractament:<\/strong> Ajuntament de Masquefa\n\t<\/p>\n\t<p style=\"margin-bottom:0;\"><strong>Finalitat del tractament:<\/strong> Base de dades per contacte, informaci\u00f3 i resposta al vilat\u00e0\n\t<\/p>\n\t<p style=\"margin-bottom:0;\"><strong>Legitimaci\u00f3:<\/strong> Exercici de poders p\u00fablics (Article 6.1.e del RGPD 2016\/679)\n\t<\/p>\n\t<p style=\"margin-bottom:0;\"><strong>Destinataris:<\/strong> Ajuntament de Masquefa\n\t<\/p>\n\t<p style=\"margin-bottom:0;\"><strong>Exercici de drets dels interessats:<\/strong> D\u2019acc\u00e9s, rectificaci\u00f3, supressi\u00f3, portabilitat de les dades, limitaci\u00f3 i d\u2019oposici\u00f3 al tractament, adre\u00e7ant-vos al correu electr\u00f2nic: <a href=\"mailto:masquefa@diba.cat\">masquefa@diba.cat<\/a>\n\t<\/p>\n<\/div><div class=\"wpcf7-response-output\" aria-hidden=\"true\"><\/div>\n<\/form>\n<\/div>\n[\/vc_column_inner][\/vc_row_inner][\/vc_column][\/vc_row]<\/p>\n<\/section>","protected":false},"excerpt":{"rendered":"<p>[vc_row type=&#8221;vc_default&#8221; full_width=&#8221;stretch_row&#8221; full_width_row=&#8221;true&#8221; el_id=&#8221;presentacio&#8221; el_class=&#8221;presentacio&#8221;][vc_column css=&#8221;.vc_custom_1478245663699{padding-top: 0px !important;}&#8221;][vc_empty_space height=&#8221;60px&#8221;][vc_row_inner][vc_column_inner][vc_column_text el_class=&#8221;presentacio-text&#8221;] La Regidoria de Cultura s\u2019encarrega de la coordinaci\u00f3 i la gesti\u00f3 cultural, festiva, tradicional i popular que es porta a terme al municipi. [\/vc_column_text][\/vc_column_inner][\/vc_row_inner][\/vc_column][\/vc_row][vc_row][vc_column][vc_text_separator title=&#8221;Destacats&#8221; color=&#8221;custom&#8221; accent_color=&#8221;#950862&#8243; el_class=&#8221;title-separator&#8221;][vc_row_inner gap=&#8221;10&#8243;][vc_column_inner width=&#8221;1\/4&#8243; bwd_tbc4vd_show_weekday=&#8221;&#8221;][vc_single_image image=&#8221;2143&#8243; img_size=&#8221;full&#8221; alignment=&#8221;center&#8221; onclick=&#8221;custom_link&#8221; img_link_target=&#8221;_blank&#8221; link=&#8221;https:\/\/ajmasquefa-multimedia-wp.s3.eu-central-1.amazonaws.com\/wp-content\/uploads\/sites\/22\/2025\/10\/24142804\/CULTURA-AprovacioPAC-1.pdf&#8221;][\/vc_column_inner][vc_column_inner width=&#8221;1\/4&#8243; bwd_show_when_date=&#8221;07\/13\/2021 08:00&#8243; bwd_show_when_date_end=&#8221;07\/26\/2021 01:00&#8243; bwd_tbc4vd_show_weekday=&#8221;&#8221;][vc_single_image image=&#8221;2152&#8243;&hellip;<\/p>\n","protected":false},"author":1,"featured_media":0,"parent":0,"menu_order":0,"comment_status":"closed","ping_status":"closed","template":"","meta":[],"_links":{"self":[{"href":"http:\/\/masquefa.cat\/cultura\/wp-json\/wp\/v2\/pages\/10"}],"collection":[{"href":"http:\/\/masquefa.cat\/cultura\/wp-json\/wp\/v2\/pages"}],"about":[{"href":"http:\/\/masquefa.cat\/cultura\/wp-json\/wp\/v2\/types\/page"}],"author":[{"embeddable":true,"href":"http:\/\/masquefa.cat\/cultura\/wp-json\/wp\/v2\/users\/1"}],"replies":[{"embeddable":true,"href":"http:\/\/masquefa.cat\/cultura\/wp-json\/wp\/v2\/comments?post=10"}],"version-history":[{"count":587,"href":"http:\/\/masquefa.cat\/cultura\/wp-json\/wp\/v2\/pages\/10\/revisions"}],"predecessor-version":[{"id":2159,"href":"http:\/\/masquefa.cat\/cultura\/wp-json\/wp\/v2\/pages\/10\/revisions\/2159"}],"wp:attachment":[{"href":"http:\/\/masquefa.cat\/cultura\/wp-json\/wp\/v2\/media?parent=10"}],"curies":[{"name":"wp","href":"https:\/\/api.w.org\/{rel}","templated":true}]}}