{"version":"1.0","provider_name":"Not\u00edcies de l&#039;Ajuntament de la Vila de Masquefa","provider_url":"https:\/\/masquefa.cat\/noticies","author_name":"Ajuntament de Masquefa","author_url":"https:\/\/masquefa.cat\/noticies\/author\/noticies\/","title":"Dilluns, 10 de juny, es produiran talls d\u2019aigua - Not\u00edcies de l&#039;Ajuntament de la Vila de Masquefa","type":"rich","width":600,"height":338,"html":"<blockquote class=\"wp-embedded-content\" data-secret=\"SwGriG4dqM\"><a href=\"https:\/\/masquefa.cat\/noticies\/dilluns-10-de-juny-es-produiran-talls-daigua\/\">Dilluns, 10 de juny, es produiran talls d\u2019aigua<\/a><\/blockquote><iframe sandbox=\"allow-scripts\" security=\"restricted\" src=\"https:\/\/masquefa.cat\/noticies\/dilluns-10-de-juny-es-produiran-talls-daigua\/embed\/#?secret=SwGriG4dqM\" width=\"600\" height=\"338\" title=\"&#8220;Dilluns, 10 de juny, es produiran talls d\u2019aigua&#8221; &#8212; Not\u00edcies de l&#039;Ajuntament de la Vila de Masquefa\" data-secret=\"SwGriG4dqM\" frameborder=\"0\" marginwidth=\"0\" marginheight=\"0\" scrolling=\"no\" class=\"wp-embedded-content\"><\/iframe><script type=\"text\/javascript\">\n\/*! This file is auto-generated *\/\n!function(c,d){\"use strict\";var e=!1,o=!1;if(d.querySelector)if(c.addEventListener)e=!0;if(c.wp=c.wp||{},c.wp.receiveEmbedMessage);else if(c.wp.receiveEmbedMessage=function(e){var t=e.data;if(!t);else if(!(t.secret||t.message||t.value));else if(\/[^a-zA-Z0-9]\/.test(t.secret));else{for(var r,s,a,i=d.querySelectorAll('iframe[data-secret=\"'+t.secret+'\"]'),n=d.querySelectorAll('blockquote[data-secret=\"'+t.secret+'\"]'),o=new RegExp(\"^https?:$\",\"i\"),l=0;l<n.length;l++)n[l].style.display=\"none\";for(l=0;l<i.length;l++)if(r=i[l],e.source!==r.contentWindow);else{if(r.removeAttribute(\"style\"),\"height\"===t.message){if(1e3<(s=parseInt(t.value,10)))s=1e3;else if(~~s<200)s=200;r.height=s}if(\"link\"===t.message)if(s=d.createElement(\"a\"),a=d.createElement(\"a\"),s.href=r.getAttribute(\"src\"),a.href=t.value,!o.test(a.protocol));else if(a.host===s.host)if(d.activeElement===r)c.top.location.href=t.value}}},e)c.addEventListener(\"message\",c.wp.receiveEmbedMessage,!1),d.addEventListener(\"DOMContentLoaded\",t,!1),c.addEventListener(\"load\",t,!1);function t(){if(o);else{o=!0;for(var e,t,r,s=-1!==navigator.appVersion.indexOf(\"MSIE 10\"),a=!!navigator.userAgent.match(\/Trident.*rv:11\\.\/),i=d.querySelectorAll(\"iframe.wp-embedded-content\"),n=0;n<i.length;n++){if(!(r=(t=i[n]).getAttribute(\"data-secret\")))r=Math.random().toString(36).substr(2,10),t.src+=\"#?secret=\"+r,t.setAttribute(\"data-secret\",r);if(s||a)(e=t.cloneNode(!0)).removeAttribute(\"security\"),t.parentNode.replaceChild(e,t);t.contentWindow.postMessage({message:\"ready\",secret:r},\"*\")}}}}(window,document);\n<\/script>\n","thumbnail_url":"https:\/\/ajmasquefa-multimedia-wp.s3.eu-central-1.amazonaws.com\/wp-content\/uploads\/sites\/22\/2024\/06\/07120649\/240610_Tall-programat-C.-Major-Masquefa_page-0001.jpg","thumbnail_width":1125,"thumbnail_height":1500,"description":"El tall est\u00e0 previst entre les 8:30 i les 15 h i afectar\u00e0 el centre de la vila.\u00a0 L\u2019Ajuntament de Masquefa informa els ve\u00efns que dilluns, 10 de juny, es far\u00e0 una interrupci\u00f3 temporal del subministrament d\u2019aigua potable al centre de la vila a causa de la pacificaci\u00f3 del carrer Major. Concretament, afectar\u00e0 el carrer&hellip;"}