{"version":"1.0","provider_name":"Not\u00edcies de l&#039;Ajuntament de la Vila de Masquefa","provider_url":"https:\/\/masquefa.cat\/noticies","author_name":"Ajuntament de Masquefa","author_url":"https:\/\/masquefa.cat\/noticies\/author\/noticies\/","title":"Gaudeix de l\u2019estiu al Casal de Joves - Not\u00edcies de l&#039;Ajuntament de la Vila de Masquefa","type":"rich","width":600,"height":338,"html":"<blockquote class=\"wp-embedded-content\" data-secret=\"KTJtqSqi9v\"><a href=\"https:\/\/masquefa.cat\/noticies\/gaudeix-de-lestiu-al-casal-de-joves\/\">Gaudeix de l\u2019estiu al Casal de Joves<\/a><\/blockquote><iframe sandbox=\"allow-scripts\" security=\"restricted\" src=\"https:\/\/masquefa.cat\/noticies\/gaudeix-de-lestiu-al-casal-de-joves\/embed\/#?secret=KTJtqSqi9v\" width=\"600\" height=\"338\" title=\"&#8220;Gaudeix de l\u2019estiu al Casal de Joves&#8221; &#8212; Not\u00edcies de l&#039;Ajuntament de la Vila de Masquefa\" data-secret=\"KTJtqSqi9v\" frameborder=\"0\" marginwidth=\"0\" marginheight=\"0\" scrolling=\"no\" class=\"wp-embedded-content\"><\/iframe><script type=\"text\/javascript\">\n\/*! This file is auto-generated *\/\n!function(c,d){\"use strict\";var e=!1,o=!1;if(d.querySelector)if(c.addEventListener)e=!0;if(c.wp=c.wp||{},c.wp.receiveEmbedMessage);else if(c.wp.receiveEmbedMessage=function(e){var t=e.data;if(!t);else if(!(t.secret||t.message||t.value));else if(\/[^a-zA-Z0-9]\/.test(t.secret));else{for(var r,s,a,i=d.querySelectorAll('iframe[data-secret=\"'+t.secret+'\"]'),n=d.querySelectorAll('blockquote[data-secret=\"'+t.secret+'\"]'),o=new RegExp(\"^https?:$\",\"i\"),l=0;l<n.length;l++)n[l].style.display=\"none\";for(l=0;l<i.length;l++)if(r=i[l],e.source!==r.contentWindow);else{if(r.removeAttribute(\"style\"),\"height\"===t.message){if(1e3<(s=parseInt(t.value,10)))s=1e3;else if(~~s<200)s=200;r.height=s}if(\"link\"===t.message)if(s=d.createElement(\"a\"),a=d.createElement(\"a\"),s.href=r.getAttribute(\"src\"),a.href=t.value,!o.test(a.protocol));else if(a.host===s.host)if(d.activeElement===r)c.top.location.href=t.value}}},e)c.addEventListener(\"message\",c.wp.receiveEmbedMessage,!1),d.addEventListener(\"DOMContentLoaded\",t,!1),c.addEventListener(\"load\",t,!1);function t(){if(o);else{o=!0;for(var e,t,r,s=-1!==navigator.appVersion.indexOf(\"MSIE 10\"),a=!!navigator.userAgent.match(\/Trident.*rv:11\\.\/),i=d.querySelectorAll(\"iframe.wp-embedded-content\"),n=0;n<i.length;n++){if(!(r=(t=i[n]).getAttribute(\"data-secret\")))r=Math.random().toString(36).substr(2,10),t.src+=\"#?secret=\"+r,t.setAttribute(\"data-secret\",r);if(s||a)(e=t.cloneNode(!0)).removeAttribute(\"security\"),t.parentNode.replaceChild(e,t);t.contentWindow.postMessage({message:\"ready\",secret:r},\"*\")}}}}(window,document);\n<\/script>\n","thumbnail_url":"https:\/\/ajmasquefa-multimedia-wp.s3.eu-central-1.amazonaws.com\/wp-content\/uploads\/sites\/22\/2019\/06\/21112947\/JULIOL-ACTIU-TARDA.jpg","thumbnail_width":3508,"thumbnail_height":4961,"description":"Del 25 de juny al 18 de juliol, el Casal de Joves obrir\u00e0 en horari de tardes per oferir als joves que han acabat 6\u00e8 de Prim\u00e0ria un ampli ventall de propostes. El\u00a0Casal de Joves\u00a0de Masquefa obre un estiu m\u00e9s les seves portes en horari de tardes per oferir als joves que enguany han finalitzat\u00a06\u00e8&hellip;"}