{"id":2291,"date":"2025-10-28T11:50:18","date_gmt":"2025-10-28T10:50:18","guid":{"rendered":"https:\/\/masquefa.cat\/promocio-economica\/?page_id=2291"},"modified":"2026-01-13T09:26:13","modified_gmt":"2026-01-13T08:26:13","slug":"talent-40","status":"publish","type":"page","link":"https:\/\/masquefa.cat\/promocio-economica\/talent-40\/","title":{"rendered":"Talent 40"},"content":{"rendered":"<section class=\"wpb-content-wrapper\"><p>[vc_row][vc_column][vc_empty_space][vc_column_text]<\/p>\n<div class=\"justificar\"><span lang=\"ca-ES\" style=\"display: block; text-align: justify;\">Talent +40: experi\u00e8ncia que construeix futur\u201d \u00e9s un projecte que destaca la import\u00e0ncia de l\u2019experi\u00e8ncia acumulada al llarg dels anys com un actiu per construir un futur millor, especialment per a aquelles persones que han superat la barrera dels 40. \u00c9s, tamb\u00e9, un recordatori que l\u2019edat no \u00e9s un obstacle, sin\u00f3 una font de saviesa i oportunitats.<br \/>\n<\/span><\/div>\n<div><\/div>\n<div class=\"justificar\"><span lang=\"ca-ES\" style=\"display: block; text-align: justify;\">El projecte col\u00b7laboratiu \u2014impulsat pels ajuntaments de Piera, Masquefa i Els Hostalets de Pierola, amb el suport de la Diputaci\u00f3 de Barcelona\u2014 ofereix una perspectiva integral, que posa el focus en les persones i alhora interpel\u00b7la les empreses. Inclou un seguit d\u2019accions formatives i informatives centrades en la millora de compet\u00e8ncies t\u00e8cniques i transversals, i tamb\u00e9 orientaci\u00f3 especialitzada i assessorament personalitzat per a les persones de m\u00e9s de 40 anys en situaci\u00f3 de recerca de feina.<br \/>\n<\/span><span lang=\"ca-ES\" style=\"display: block; text-align: justify;\"><br \/>\nD\u2019altra banda, en el marc d\u2019aquesta iniciativa, es du a terme un apropament al teixit empresarial del territori i s\u2019ha definit una campanya per sensibilitzar i informar les empreses \u2014i el p\u00fablic en general\u2014 del talent que aporten els treballadors amb recorregut vital i experi\u00e8ncia.<br \/>\n<\/span><span lang=\"ca-ES\" style=\"display: block; text-align: justify;\"><br \/>\n\u00c9s per aix\u00f2 que s\u2019ha volgut que siguin representants d\u2019empreses de diversos \u00e0mbits dels municipis implicats els que expliquin, sobre la base de la seva experi\u00e8ncia, qu\u00e8 aporten a la feina les persones de m\u00e9s de 40 anys.<br \/>\n<\/span><span lang=\"ca-ES\" style=\"display: block; text-align: justify;\"><span lang=\"ca-ES\" style=\"display: block; text-align: justify;\"><br \/>\nLa riquesa de coneixements i habilitats, el comprom\u00eds, el sentit de la responsabilitat, la capacitat de reflexi\u00f3, l\u2019estabilitat professional, l\u2019experi\u00e8ncia i l\u2019exemple per als m\u00e9s joves s\u00f3n alguns dels valors inestimables que \u2014segons les mateixes empreses\u2014 les persones que han superat el llindar dels 40 anys poden aportar, tant al m\u00f3n laboral com a la societat en general.<\/span><\/span><br \/>\nPots contactar-nos a trav\u00e9s del correu:\u00a0<a href=\"mailto:talent40@masquefa.net\">talent40@masquefa.net<\/a><\/div>\n<p>[\/vc_column_text][vc_video link=&#8221;https:\/\/www.youtube.com\/watch?v=tXj-CUfiDTI&#8221; el_width=&#8221;50&#8243; align=&#8221;center&#8221;][\/vc_column][\/vc_row][vc_row][vc_column][vc_text_separator title=&#8221;Accions del projecte&#8221; color=&#8221;custom&#8221; accent_color=&#8221;#950862&#8243; el_class=&#8221;title-separator&#8221;][vc_row_inner][vc_column_inner width=&#8221;1\/3&#8243;][vc_column_text]<\/p>\n<p class=\"western\" lang=\"ca-ES\"><strong>Formacions<\/strong><\/p>\n<p>[\/vc_column_text][vc_column_text]<\/p>\n<ul>\n<li>\n<p class=\"western\" lang=\"ca-ES\"><b>Magatzemer\/a 80 h. <\/b>Masquefa. Del 20 d\u2019octubre a l\u201911 de novembre de 2025.<\/p>\n<\/li>\n<li>\n<p class=\"western\" lang=\"ca-ES\"><b>Atenci\u00f3 al client 50 h. <\/b>Piera. Del 31 d\u2019octubre al 13 de novembre de 2025.<\/p>\n<\/li>\n<li>\n<p class=\"western\" lang=\"ca-ES\"><b>Magatzemer\/a 80 h<\/b>. Piera. Dates pendents de concretar (1er semestre 2026)<\/p>\n<\/li>\n<li>\n<p class=\"western\" lang=\"ca-ES\"><b>Comptabilitat 60 h. <\/b><span lang=\"CA\">Masquefa. Del 2 al 27 de mar\u00e7 de 2026. <a href=\"https:\/\/masquefa.cat\/tic\/formacio\/comptabilitat-ratica-financera-i-fiscal\/\" target=\"_blank\" rel=\"noopener\">https:\/\/masquefa.cat\/tic\/formacio\/comptabilitat-ratica-financera-i-fiscal\/<\/a><\/span><\/p>\n<\/li>\n<li>\n<p class=\"western\" lang=\"ca-ES\"><b>Atenci\u00f3 al client 50 h. <\/b>Els Hostalets de Pierola. Dates pendents de concretar (2on semestre 2026)<\/p>\n<\/li>\n<\/ul>\n<p>[\/vc_column_text][\/vc_column_inner][vc_column_inner width=&#8221;1\/3&#8243;][vc_column_text]<\/p>\n<p class=\"western\" lang=\"ca-ES\"><strong>Taller de recerca de feina<\/strong><\/p>\n<p>[\/vc_column_text][vc_column_text]<\/p>\n<ul>\n<li>\n<p lang=\"ca-ES\"><b>Pren el control: com presentar la teva autocandidatura. <\/b>Piera. 20 d\u2019octubre de 2025<\/p>\n<\/li>\n<li>\n<p lang=\"ca-ES\"><b>Crea i troba les teves oportunitats laborals. <\/b>Masquefa. 04 de novembre de 2025 <u><\/u><\/p>\n<\/li>\n<li>\n<p lang=\"ca-ES\"><b>Impulsa la teva idea empresarial. <\/b>Piera. 14 de novembre de 2025<\/p>\n<\/li>\n<li>\n<p lang=\"ca-ES\"><b>Ofertes de feina a l\u2019administraci\u00f3 p\u00fablica. <\/b>Masquefa. 26 de novembre de 2025.\u00a0<u><\/u><\/p>\n<\/li>\n<li>\n<p lang=\"ca-ES\"><b>Com inscriure\u2019t a les oposicions a l\u2019Administraci\u00f3. El que has de saber. <\/b>Piera. 12 de desembre de 2025<\/p>\n<\/li>\n<li>\n<p lang=\"ca-ES\"><b>Grups de recerca de feina amb metodologia agile \u2013 Edici\u00f3 1. <\/b>Masquefa. 20, 27 de gener i 3 i 10 de febrer de 2026. <a href=\"https:\/\/masquefa.cat\/tic\/formacio\/taller-agilitzem-la-teva-recerca-de-feina\/\" target=\"_blank\" rel=\"noopener\">https:\/\/masquefa.cat\/tic\/formacio\/taller-agilitzem-la-teva-recerca-de-feina\/<\/a><\/p>\n<\/li>\n<li>\n<p lang=\"ca-ES\"><span lang=\"CA\"><b>Crea i troba les teves oportunitats laborals 2. <\/b>Masquefa. 27 de mar\u00e7 de 2026. <a href=\"https:\/\/masquefa.cat\/tic\/formacio\/crea-i-troba-les-teves-oportunitats-laborals-2\/\"> https:\/\/masquefa.cat\/tic\/formacio\/crea-i-troba-les-teves-oportunitats-laborals-2\/<\/a><\/span><\/p>\n<\/li>\n<li>\n<p lang=\"ca-ES\"><b>Orientaci\u00f3 laboral amb una mirada inclusiva. <\/b> Piera. <span lang=\"es-ES\">Febrer 2026<\/span><\/p>\n<\/li>\n<li>\n<p lang=\"ca-ES\"><b>Recerca de feina amb perspectiva de g\u00e8nere. <\/b>Els Hostalets de Pierola. <span lang=\"es-ES\">Juny 2026<\/span><\/p>\n<\/li>\n<li>\n<p lang=\"ca-ES\"><b>Grups de recerca de feina amb metodologia agile \u2013 Edici\u00f3 2. <\/b>Masquefa. Dates pendents de concretar (2n semestre 2026)<\/p>\n<\/li>\n<\/ul>\n<p>[\/vc_column_text][\/vc_column_inner][vc_column_inner width=&#8221;1\/3&#8243;][vc_column_text]<\/p>\n<p class=\"western\" lang=\"ca-ES\"><strong>Accions d&#8217;apropament al teixit empresarial<\/strong><\/p>\n<p>[\/vc_column_text][vc_column_text]<\/p>\n<ul>\n<li>\n<p lang=\"ca-ES\"><b>Apropa\u2019t a l\u2019empresa<\/b>. Piera. 2n semestre 2026<\/p>\n<\/li>\n<li>\n<p lang=\"ca-ES\"><b>Speed Dating. <\/b>Masquefa . 2n semestre 2026<\/p>\n<\/li>\n<li>\n<p lang=\"ca-ES\"><b>Taula rodona amb casos d\u2019\u00e8xit. <\/b>Masquefa. 2n semestre 2026<\/p>\n<\/li>\n<\/ul>\n<p>[\/vc_column_text][\/vc_column_inner][\/vc_row_inner][\/vc_column][\/vc_row][vc_row][vc_column][vc_text_separator title=&#8221;Entrevistes&#8221; color=&#8221;custom&#8221; accent_color=&#8221;#950862&#8243; el_class=&#8221;title-separator&#8221;][vc_row_inner][vc_column_inner width=&#8221;1\/3&#8243;][vc_single_image image=&#8221;2309&#8243; img_size=&#8221;full&#8221; alignment=&#8221;center&#8221; onclick=&#8221;custom_link&#8221; img_link_target=&#8221;_blank&#8221;][vc_column_text]<\/p>\n<p style=\"text-align: center;\"><a href=\"https:\/\/masquefa.cat\/promocio-economica\/david-oller-el-compromis-la-fidelitat-i-la-lleialtat-son-el-mes-important\/\" target=\"_blank\" rel=\"noopener\">Entrevista<\/a><\/p>\n<p>[\/vc_column_text][\/vc_column_inner][vc_column_inner width=&#8221;1\/3&#8243;][vc_single_image image=&#8221;2343&#8243; img_size=&#8221;full&#8221; alignment=&#8221;center&#8221; onclick=&#8221;custom_link&#8221; img_link_target=&#8221;_blank&#8221;][vc_column_text]<\/p>\n<p style=\"text-align: center;\"><a href=\"https:\/\/masquefa.cat\/promocio-economica\/joan-masoni-al-final-es-lactitud-que-un-hi-posa-tant-fa-ledat-que-tinguis\/\" target=\"_blank\" rel=\"noopener\">Entrevista<\/a><\/p>\n<p>[\/vc_column_text][\/vc_column_inner][vc_column_inner width=&#8221;1\/3&#8243;][vc_single_image image=&#8221;2345&#8243; img_size=&#8221;full&#8221; alignment=&#8221;center&#8221; onclick=&#8221;custom_link&#8221; img_link_target=&#8221;_blank&#8221;][vc_column_text]<\/p>\n<p style=\"text-align: center;\"><a href=\"https:\/\/masquefa.cat\/promocio-economica\/joan-ruiz-les-persones-de-mes-de-40-anys-aporten-sentit-de-responsabilitat-i-donen-seguretat-a-lempresa\/\" target=\"_blank\" rel=\"noopener\">Entrevista<\/a><\/p>\n<p>[\/vc_column_text][\/vc_column_inner][\/vc_row_inner][vc_row_inner][vc_column_inner width=&#8221;1\/2&#8243;][vc_single_image image=&#8221;2355&#8243; img_size=&#8221;full&#8221; alignment=&#8221;center&#8221; onclick=&#8221;custom_link&#8221; img_link_target=&#8221;_blank&#8221;][vc_column_text]<\/p>\n<p style=\"text-align: center;\"><a href=\"https:\/\/masquefa.cat\/promocio-economica\/laia-martinez-persones-amb-compromis-experiencia-i-capacitat-de-reaccio\/\" target=\"_blank\" rel=\"noopener\">Entrevista<\/a><\/p>\n<p>[\/vc_column_text][\/vc_column_inner][vc_column_inner width=&#8221;1\/2&#8243;][vc_single_image image=&#8221;2372&#8243; img_size=&#8221;full&#8221; alignment=&#8221;center&#8221; onclick=&#8221;custom_link&#8221; img_link_target=&#8221;_blank&#8221;][vc_column_text]<\/p>\n<p style=\"text-align: center;\"><a href=\"https:\/\/masquefa.cat\/promocio-economica\/xavier-llongueras-serietat-formalitat-i-implicacio-son-valors-que-aporten-a-lempresa-les-persones-de-mes-de-40-anys\/\" target=\"_blank\" rel=\"noopener\">Entrevista<\/a><\/p>\n<p>[\/vc_column_text][\/vc_column_inner][\/vc_row_inner][\/vc_column][\/vc_row][vc_row][vc_column][vc_text_separator title=&#8221;Documents d&#8217;inter\u00e8s&#8221; color=&#8221;custom&#8221; accent_color=&#8221;#950862&#8243; el_class=&#8221;title-separator&#8221;][vc_row_inner][vc_column_inner width=&#8221;1\/2&#8243;][vc_single_image image=&#8221;2298&#8243; img_size=&#8221;full&#8221; alignment=&#8221;center&#8221; onclick=&#8221;custom_link&#8221; img_link_target=&#8221;_blank&#8221; link=&#8221;https:\/\/ajmasquefa-multimedia-wp.s3.eu-central-1.amazonaws.com\/wp-content\/uploads\/sites\/9\/2025\/10\/28092037\/AF_Triptic-talent.pdf&#8221;][\/vc_column_inner][vc_column_inner width=&#8221;1\/2&#8243;][vc_single_image image=&#8221;2300&#8243; img_size=&#8221;full&#8221; alignment=&#8221;center&#8221; onclick=&#8221;custom_link&#8221; img_link_target=&#8221;_blank&#8221; link=&#8221;https:\/\/ajmasquefa-multimedia-wp.s3.eu-central-1.amazonaws.com\/wp-content\/uploads\/sites\/9\/2025\/10\/28092039\/AF_Cartells-A3_Talent-40_mes-resolucio.jpg&#8221;][\/vc_column_inner][\/vc_row_inner][\/vc_column][\/vc_row][vc_row][vc_column][vc_text_separator title=&#8221;Enlla\u00e7os d&#8217;inter\u00e8s&#8221; color=&#8221;custom&#8221; accent_color=&#8221;#950862&#8243; el_class=&#8221;title-separator&#8221;][vc_row_inner][vc_column_inner width=&#8221;1\/3&#8243;][vc_single_image image=&#8221;2304&#8243; img_size=&#8221;full&#8221; alignment=&#8221;center&#8221; onclick=&#8221;custom_link&#8221; img_link_target=&#8221;_blank&#8221; link=&#8221;https:\/\/masquefa.cat\/noticies\/piera-masquefa-i-els-hostalets-de-pierola-inicien-un-projecte-per-fomentar-la-insercio-laboral-dels-majors-de-40-anys\/&#8221;][\/vc_column_inner][vc_column_inner width=&#8221;1\/3&#8243;][vc_single_image image=&#8221;2305&#8243; img_size=&#8221;full&#8221; alignment=&#8221;center&#8221; onclick=&#8221;custom_link&#8221; img_link_target=&#8221;_blank&#8221; link=&#8221;https:\/\/masquefa.cat\/noticies\/masquefa-presenta-el-projecte-talent-40-per-impulsar-la-insercio-laboral-de-persones-majors-de-40-anys\/&#8221;][\/vc_column_inner][vc_column_inner width=&#8221;1\/3&#8243;][vc_single_image image=&#8221;2306&#8243; img_size=&#8221;full&#8221; alignment=&#8221;center&#8221; onclick=&#8221;custom_link&#8221; img_link_target=&#8221;_blank&#8221; link=&#8221;https:\/\/masquefa.cat\/noticies\/masquefa-impulsa-el-projecte-talent-40-per-promoure-locupacio-de-les-persones-majors-de-40-anys\/&#8221;][\/vc_column_inner][\/vc_row_inner][\/vc_column][\/vc_row]<\/p>\n<\/section>","protected":false},"excerpt":{"rendered":"<p>[vc_row][vc_column][vc_empty_space][vc_column_text] Talent +40: experi\u00e8ncia que construeix futur\u201d \u00e9s un projecte que destaca la import\u00e0ncia de l\u2019experi\u00e8ncia acumulada al llarg dels anys com un actiu per construir un futur millor, especialment per a aquelles persones que han superat la barrera dels 40. \u00c9s, tamb\u00e9, un recordatori que l\u2019edat no \u00e9s un obstacle, sin\u00f3 una font de&hellip;<\/p>\n","protected":false},"author":1,"featured_media":0,"parent":0,"menu_order":0,"comment_status":"closed","ping_status":"closed","template":"","meta":[],"_links":{"self":[{"href":"https:\/\/masquefa.cat\/promocio-economica\/wp-json\/wp\/v2\/pages\/2291"}],"collection":[{"href":"https:\/\/masquefa.cat\/promocio-economica\/wp-json\/wp\/v2\/pages"}],"about":[{"href":"https:\/\/masquefa.cat\/promocio-economica\/wp-json\/wp\/v2\/types\/page"}],"author":[{"embeddable":true,"href":"https:\/\/masquefa.cat\/promocio-economica\/wp-json\/wp\/v2\/users\/1"}],"replies":[{"embeddable":true,"href":"https:\/\/masquefa.cat\/promocio-economica\/wp-json\/wp\/v2\/comments?post=2291"}],"version-history":[{"count":33,"href":"https:\/\/masquefa.cat\/promocio-economica\/wp-json\/wp\/v2\/pages\/2291\/revisions"}],"predecessor-version":[{"id":2387,"href":"https:\/\/masquefa.cat\/promocio-economica\/wp-json\/wp\/v2\/pages\/2291\/revisions\/2387"}],"wp:attachment":[{"href":"https:\/\/masquefa.cat\/promocio-economica\/wp-json\/wp\/v2\/media?parent=2291"}],"curies":[{"name":"wp","href":"https:\/\/api.w.org\/{rel}","templated":true}]}}