{"id":235,"date":"2017-11-24T17:14:16","date_gmt":"2017-11-24T16:14:16","guid":{"rendered":"http:\/\/ajmasquefa.atotarreu.com\/promocio-economica\/servei-docupacio-de-masquefa\/"},"modified":"2025-11-03T16:24:32","modified_gmt":"2025-11-03T15:24:32","slug":"comerc","status":"publish","type":"page","link":"https:\/\/masquefa.cat\/promocio-economica\/comerc\/","title":{"rendered":"Comer\u00e7"},"content":{"rendered":"<section class=\"wpb-content-wrapper\"><p>[vc_row margin_top=&#8221;32&#8243; el_class=&#8221;extra-page&#8221;][vc_column][vc_row_inner][vc_column_inner]\n<ul class=\"slider-simple shortcode-photo-slider photoSlider\" data-width=\"770\" data-height=\"355\" data-autoslide=\"4000\" data-paused=\"false\" style=\"width: 100%\" data-img-mode=\"fill\">\n\t<li>\n\t\t<img class=\"preload-me\" src=\"https:\/\/ajmasquefa-multimedia-wp.s3.eu-central-1.amazonaws.com\/wp-content\/uploads\/sites\/9\/2018\/01\/27104203\/Mercat_Slider-aquilitoca.png\" srcset=\"https:\/\/ajmasquefa-multimedia-wp.s3.eu-central-1.amazonaws.com\/wp-content\/uploads\/sites\/9\/2018\/01\/27104203\/Mercat_Slider-aquilitoca.png 1920w\" width=\"1920\" height=\"350\"  alt=\"\"  \/>\n\t\t<div class=\"slider-post-caption\">\n\t\t\t<div class=\"slider-post-inner\">\n\t\t\t\t<h4>Mercat_Slider-aquilitoca<\/h4>\n\t\t\t<\/div>\n\t\t<\/div><\/li>\n\t<li>\n\t\t<img class=\"preload-me\" src=\"https:\/\/ajmasquefa-multimedia-wp.s3.eu-central-1.amazonaws.com\/wp-content\/uploads\/sites\/9\/2018\/01\/19103017\/Pa.jpg\" srcset=\"https:\/\/ajmasquefa-multimedia-wp.s3.eu-central-1.amazonaws.com\/wp-content\/uploads\/sites\/9\/2018\/01\/19103017\/Pa.jpg 1170w\" width=\"1170\" height=\"540\"  alt=\"\"  \/>\n\t\t<div class=\"slider-post-caption\">\n\t\t\t<div class=\"slider-post-inner\">\n\t\t\t\t<h4>Pa<\/h4>\n\t\t\t<\/div>\n\t\t<\/div><\/li>\n\t<li>\n\t\t<img class=\"preload-me\" src=\"https:\/\/ajmasquefa-multimedia-wp.s3.eu-central-1.amazonaws.com\/wp-content\/uploads\/sites\/9\/2018\/01\/19103019\/ecommerce.jpg\" srcset=\"https:\/\/ajmasquefa-multimedia-wp.s3.eu-central-1.amazonaws.com\/wp-content\/uploads\/sites\/9\/2018\/01\/19103019\/ecommerce.jpg 1170w\" width=\"1170\" height=\"540\"  alt=\"\"  \/>\n\t\t<div class=\"slider-post-caption\">\n\t\t\t<div class=\"slider-post-inner\">\n\t\t\t\t<h4>ecommerce<\/h4>\n\t\t\t<\/div>\n\t\t<\/div><\/li>\n\t<li>\n\t\t<img class=\"preload-me\" src=\"https:\/\/ajmasquefa-multimedia-wp.s3.eu-central-1.amazonaws.com\/wp-content\/uploads\/sites\/9\/2018\/01\/19103021\/Pernils.jpg\" srcset=\"https:\/\/ajmasquefa-multimedia-wp.s3.eu-central-1.amazonaws.com\/wp-content\/uploads\/sites\/9\/2018\/01\/19103021\/Pernils.jpg 1170w\" width=\"1170\" height=\"540\"  alt=\"\"  \/>\n\t\t<div class=\"slider-post-caption\">\n\t\t\t<div class=\"slider-post-inner\">\n\t\t\t\t<h4>Pernils<\/h4>\n\t\t\t<\/div>\n\t\t<\/div><\/li>\n\t<li>\n\t\t<img class=\"preload-me\" src=\"https:\/\/ajmasquefa-multimedia-wp.s3.eu-central-1.amazonaws.com\/wp-content\/uploads\/sites\/9\/2018\/01\/19103022\/Carros-de-la-compra.jpg\" srcset=\"https:\/\/ajmasquefa-multimedia-wp.s3.eu-central-1.amazonaws.com\/wp-content\/uploads\/sites\/9\/2018\/01\/19103022\/Carros-de-la-compra.jpg 1170w\" width=\"1170\" height=\"540\"  alt=\"\"  \/>\n\t\t<div class=\"slider-post-caption\">\n\t\t\t<div class=\"slider-post-inner\">\n\t\t\t\t<h4>Carros-de-la-compra<\/h4>\n\t\t\t<\/div>\n\t\t<\/div><\/li>\n\t<li>\n\t\t<img class=\"preload-me\" src=\"https:\/\/ajmasquefa-multimedia-wp.s3.eu-central-1.amazonaws.com\/wp-content\/uploads\/sites\/9\/2018\/01\/19103112\/Roba.jpg\" srcset=\"https:\/\/ajmasquefa-multimedia-wp.s3.eu-central-1.amazonaws.com\/wp-content\/uploads\/sites\/9\/2018\/01\/19103112\/Roba.jpg 1170w\" width=\"1170\" height=\"540\"  alt=\"\"  \/>\n\t\t<div class=\"slider-post-caption\">\n\t\t\t<div class=\"slider-post-inner\">\n\t\t\t\t<h4>Roba<\/h4>\n\t\t\t<\/div>\n\t\t<\/div><\/li><\/ul>[\/vc_column_inner][\/vc_row_inner][vc_empty_space][vc_column_text el_class=&#8221;extra-page-text&#8221;]L\u2019\u00c0rea de Comer\u00e7 treballa per donar suport al teixit comercial local amb la finalitat de potenciar i dinamitzar-lo per tal que els vilatans i visitants tinguin al seu abast una oferta comercial variada i de qualitat. El comer\u00e7 esdev\u00e9 un factor clau en el desenvolupament econ\u00f2mic i local.<\/p>\n<p>L\u2019Ajuntament de Masquefa col\u00b7labora amb l\u2019Associaci\u00f3 de Comer\u00e7os i Serveis de Masquefa a fi de potenciar projectes dinamitzadors del teixit comercial i que promoguin la participaci\u00f3 dels comer\u00e7os i empreses, com poden ser actuacions de foment del teixit comercial, activitats de dinamitzaci\u00f3 comercial i\/o actuacions de difusi\u00f3 del comer\u00e7 local.<\/p>\n<p>El comer\u00e7 de Masquefa compta amb el suport de l\u2019<strong>Associaci\u00f3 de Comer\u00e7os i Serveis de Masquefa<\/strong>.<\/p>\n<p>Si sou un comer\u00e7 interessat en formar part i adherir-vos com associat\/da, podeu fer-ho <a href=\"https:\/\/forms.gle\/1NHNULmcdRJKaPJg9\" target=\"_blank\" rel=\"noopener\">aqu\u00ed<\/a><\/p>\n<p>I si voleu m\u00e9s informaci\u00f3, teniu propostes o suggeriments per l\u2019<strong>Associaci\u00f3 de Comer\u00e7os i Serveis de Masquefa <\/strong>podeu contactar al correu electr\u00f2nic <a href=\"mailto:viumasquefa@gmail.com\" target=\"_blank\" rel=\"noopener\">viumasquefa@gmail.com<\/a>[\/vc_column_text][\/vc_column][\/vc_row][vc_row type=&#8221;vc_default&#8221; full_width=&#8221;stretch_row&#8221; el_class=&#8221;acordio&#8221; css=&#8221;.vc_custom_1509979108214{background-color: #fdfafc !important;}&#8221;][vc_column][vc_empty_space height=&#8221;50px&#8221; css=&#8221;.vc_custom_1509979233717{background-color: #fdfafc !important;}&#8221;][\/vc_column][\/vc_row][vc_row type=&#8221;vc_default&#8221; full_width=&#8221;stretch_row&#8221; el_class=&#8221;acordio&#8221; css=&#8221;.vc_custom_1511541525516{background-color: #ffffff !important;}&#8221;][vc_column][vc_text_separator title=&#8221;Projectes&#8221; color=&#8221;custom&#8221; accent_color=&#8221;#950862&#8243; el_class=&#8221;title-separator&#8221;][vc_row_inner][vc_column_inner width=&#8221;1\/4&#8243; offset=&#8221;vc_hidden-lg vc_hidden-md vc_hidden-sm vc_hidden-xs&#8221;][vc_single_image image=&#8221;1465&#8243; img_size=&#8221;full&#8221; alignment=&#8221;center&#8221; onclick=&#8221;custom_link&#8221; img_link_target=&#8221;_blank&#8221; css_animation=&#8221;bounce&#8221; link=&#8221;https:\/\/masquefa.cat\/noticies\/viu-el-nadal-amb-el-comerc-de-masquefa\/&#8221;][\/vc_column_inner][vc_column_inner width=&#8221;1\/4&#8243; offset=&#8221;vc_hidden-lg vc_hidden-md vc_hidden-sm vc_hidden-xs&#8221;][vc_single_image image=&#8221;1453&#8243; img_size=&#8221;full&#8221; alignment=&#8221;center&#8221; onclick=&#8221;custom_link&#8221; img_link_target=&#8221;_blank&#8221; css_animation=&#8221;bounce&#8221; link=&#8221;https:\/\/masquefa.cat\/tic\/formulari-inscripcio-aparadors-de-nadal\/&#8221;][\/vc_column_inner][vc_column_inner width=&#8221;1\/4&#8243; offset=&#8221;vc_hidden-lg vc_hidden-md vc_hidden-sm vc_hidden-xs&#8221;][vc_single_image image=&#8221;791&#8243; img_size=&#8221;295&#215;73&#8243; alignment=&#8221;center&#8221; onclick=&#8221;custom_link&#8221; img_link_target=&#8221;_blank&#8221; css_animation=&#8221;bounce&#8221; link=&#8221;https:\/\/ajmasquefa-multimedia-wp.s3.eu-central-1.amazonaws.com\/wp-content\/uploads\/sites\/9\/2018\/03\/15173642\/cataleg_web_8_octubre8201.pdf&#8221;][\/vc_column_inner][vc_column_inner width=&#8221;1\/4&#8243;][\/vc_column_inner][\/vc_row_inner][\/vc_column][\/vc_row][vc_row type=&#8221;vc_default&#8221; full_width=&#8221;stretch_row&#8221; el_class=&#8221;acordio acordioIMG&#8221; css=&#8221;.vc_custom_1512045564664{background-color: #fdfafc !important;}&#8221;][vc_column width=&#8221;1\/3&#8243;][vc_single_image image=&#8221;347&#8243; img_size=&#8221;full&#8221;][vc_accordion active_tab=&#8221;&#8221; collapsible=&#8221;yes&#8221; style=&#8221;3&#8243; el_class=&#8221;acordio-fosc&#8221;][vc_accordion_tab title=&#8221;Diada de Sant Jordi&#8221;][vc_column_text]Per la Diada de Sant Jordi els llibres i les roses s\u00f3n els grans protagonistes de la festivitat. Com ja \u00e9s tradici\u00f3, les llibreries, les floristeries i les entitats locals instal\u00b7len les seves parades al carrer per convertir el centre de la vila en l\u2019eix neur\u00e0lgic de la celebraci\u00f3 i en un espai de reuni\u00f3 i trobada per a fam\u00edlies, parelles i amics.<\/p>\n<p>[\/vc_column_text][\/vc_accordion_tab][\/vc_accordion][\/vc_column][vc_column width=&#8221;1\/3&#8243;][vc_single_image image=&#8221;2199&#8243; img_size=&#8221;full&#8221;][vc_accordion active_tab=&#8221;&#8221; collapsible=&#8221;yes&#8221; style=&#8221;3&#8243; el_class=&#8221;acordio-fosc&#8221;][vc_accordion_tab title=&#8221;Concurs aparadors Carnaval&#8221;][vc_column_text]El teixit comercial masquef\u00ed suma esfor\u00e7os per decorar els apradors de la vila, any rere any, de colors, m\u00fasica i rialles amb la participaci\u00f3 al Concurs. El concurs compta amb tres premis econ\u00f2mics pels tres comer\u00e7os que obtinguin la major puntuaci\u00f3.[\/vc_column_text][\/vc_accordion_tab][\/vc_accordion][\/vc_column][vc_column width=&#8221;1\/3&#8243;][vc_single_image image=&#8221;1685&#8243; img_size=&#8221;full&#8221;][vc_accordion active_tab=&#8221;&#8221; collapsible=&#8221;yes&#8221; style=&#8221;3&#8243; el_class=&#8221;acordio-fosc&#8221;][vc_accordion_tab title=&#8221;Concurs aparadors Nadal&#8221;][vc_column_text]L\u2019Ajuntament i Masquefa Comer\u00e7 organitzen el\u00a0<strong>Concurs d\u2019aparadors de Nadal<\/strong>\u00a0amb l\u2019objectiu de dinamitzar el comer\u00e7 local durant les festes nadalenques i seguir donant suport a les botigues i establiments del municipi.<\/p>\n<p>El certamen est\u00e0 obert a tots els comer\u00e7os i empreses de serveis del municipi que disposin d\u2019un local amb aparador que reuneixi les condicions necess\u00e0ries per a ser decorat.<\/p>\n<p>Per a participar al concurs\u00a0cal inscriure\u2019s pr\u00e8viament<strong>.<\/strong><\/p>\n<p>El jurat est\u00e0 composat per un representat de l\u2019Associaci\u00f3 de comer\u00e7os i serveis de Masquefa i dos professionals de l\u2019\u00e0mbit art\u00edstic; i passar\u00e0 per tots els comer\u00e7os participants per a fer-ne la valoraci\u00f3 un dia dins del per\u00edode en el qual l\u2019aparador ha d\u2019estar muntat i visible al p\u00fablic. En aquest sentit, s\u2019entreguen un total de tres premis:<\/p>\n<ul>\n<li>1r premi: sopar men\u00fa degustaci\u00f3 amb maridatge de vins per a dues persones (per valor de 120\u20ac).<\/li>\n<li>2n premi: sopar men\u00fa degustaci\u00f3 amb beguda inclosa per a dues persones (per valor de 90\u20ac).<\/li>\n<li>3r premi: dinar amb men\u00fa de cap de setmana per a dues persones (per valor de 63\u20ac).<\/li>\n<\/ul>\n<p>[\/vc_column_text][\/vc_accordion_tab][\/vc_accordion][\/vc_column][\/vc_row][vc_row type=&#8221;vc_default&#8221; full_width=&#8221;stretch_row&#8221; el_class=&#8221;acordio acordioIMG&#8221; css=&#8221;.vc_custom_1512045564664{background-color: #fdfafc !important;}&#8221;][vc_column width=&#8221;1\/3&#8243;][vc_single_image image=&#8221;1664&#8243; img_size=&#8221;full&#8221;][vc_accordion active_tab=&#8221;&#8221; collapsible=&#8221;yes&#8221; style=&#8221;3&#8243; el_class=&#8221;acordio-fosc&#8221;][vc_accordion_tab title=&#8221;Pessebre amagat&#8221;][vc_column_text]L\u2019Ajuntament de Masquefa i Masquefa Comer\u00e7 organitzen la\u00a0<strong>gimcana del pessebre amagat al comer\u00e7 local<\/strong>, una original activitat nadalenca que t\u00e9 com a objectiu de dinamitzar, promoure i posa en valor els comer\u00e7os masquefins durant les festes nadalenques.<\/p>\n<p>La gimcana consisteix en\u00a0<strong>localitzar les 16 figures del pessebre amagades en els aparadors dels comer\u00e7os<\/strong>\u00a0del nucli urb\u00e0, Can Parellada i La Beguda Alta. Les figures amagades estaran ubicades en aparadors que donen a la via p\u00fablica i portaran una etiqueta amb el nom de la figura. Un cop localitzades les figures s\u2019haur\u00e0 d\u2019omplir la butlleta electr\u00f2nica indicant cada figura a quin comer\u00e7 est\u00e0 amagada.<\/p>\n<p>L\u2019activitat est\u00e0 oberta a tots els\u00a0<strong>infants de fins a 12 anys<\/strong>\u00a0empadronats al municipi de Masquefa, i entre totes les butlletes de respostes que hagin indicat correctament l\u2019aparador del comer\u00e7 on es troben les 16 figures es realitzar\u00e0 un sorteig en directe per les xarxes socials per escollir el guanyador d\u2019una\u00a0<strong>tableta de 64GB<\/strong>. A m\u00e9s, els 150 primers infants en enviar i respondre correctament a la butlleta rebran un codi que podran bescanviar per una\u00a0<strong>bossa de llaminadures<\/strong>.<\/p>\n<p>[\/vc_column_text][\/vc_accordion_tab][\/vc_accordion][\/vc_column][vc_column width=&#8221;1\/3&#8243; bwd_tbc4vd_show_weekday=&#8221;&#8221;][vc_single_image image=&#8221;2144&#8243; img_size=&#8221;full&#8221;][vc_accordion active_tab=&#8221;&#8221; collapsible=&#8221;yes&#8221; style=&#8221;3&#8243; el_class=&#8221;acordio-fosc&#8221;][vc_accordion_tab title=&#8221;Nit del Comer\u00e7&#8221;][vc_column_text]<\/p>\n<p class=\"p3\"><b>Aquesta iniciativa\u00a0<\/b><span class=\"s1\"><b>fomenta la compra al\u00a0<\/b><\/span><b>comer\u00e7 local amb activitats i promocions \u00faniques.<\/b><\/p>\n<p class=\"p5\"><span class=\"s1\">El <\/span>\u00a0carrer Major de Masquefa es transformar\u00e0 en l\u2019epicentre de la Nit del Comer\u00e7, una celebraci\u00f3 comercial per fomentar el teixit de la vila. Des de les 19:30 a les 24 h,\u00a0<span class=\"s1\">el carrer Major\u00a0<\/span>s\u2019omplir\u00e0 de vida per fomentar i promocionar el comer\u00e7 local i generar din\u00e0miques de compra a casa nostra.<\/p>\n<p class=\"p5\">Aquesta nova iniciativa d\u2019activaci\u00f3 comercial compta amb la participaci\u00f3 de prop de 30 comer\u00e7os\u00a0<span class=\"s1\">de tots els sectors<\/span>\u00a0que ja s\u2019han sumat al projecte; els establiments estan oberts fins a mitjanit, i ofereixen promocions especials i descomptes \u00fanics per als assistents. A m\u00e9s,\u00a0<span class=\"s1\">el carrer Major s\u2019ambienta\u00a0<\/span>per crear un entorn festiu.<\/p>\n<p class=\"p5\">La Nit del Comer\u00e7 tamb\u00e9 ofereix un ampli ventall d\u2019activitats per a tots els p\u00fablics. Els visitants poden gaudir d\u2019animaci\u00f3, activitats diverses, un \u2018<span class=\"s2\">photocall\u2019<\/span>\u00a0per immortalitzar els millors moments de la nit, i una zona gastron\u00f2mica per sopar. L\u2019Ajuntament de Masquefa t\u00e9 un stand on es premia les compres realitzades durant\u00a0<span class=\"s1\">la nit amb sorteigs i regals per als compradors.<\/span><\/p>\n<p>&nbsp;<\/p>\n<p><a href=\"https:\/\/www.youtube.com\/watch?v=58r3wnHiwRs\" target=\"_blank\" rel=\"noopener\">Aqu\u00ed<\/a> pots veure veure el v\u00eddeo de l&#8217;edici\u00f3 2025<span class=\"s1\">\u00a0<\/span>[\/vc_column_text][\/vc_accordion_tab][\/vc_accordion][\/vc_column][vc_column width=&#8221;1\/3&#8243; bwd_tbc4vd_show_weekday=&#8221;&#8221;][vc_single_image image=&#8221;2249&#8243; img_size=&#8221;full&#8221;][vc_accordion active_tab=&#8221;&#8221; collapsible=&#8221;yes&#8221; style=&#8221;3&#8243; el_class=&#8221;acordio-fosc&#8221;][vc_accordion_tab title=&#8221;Fes Tapes&#8221;][vc_column_text]Es tracta d\u2019una iniciativa que convida els vilatans a degustar les propostes gastron\u00f2miques dels establiments gastron\u00f2mics del municipi i a votar per la seva preferida.<\/p>\n<p><strong>\u00c9s una proposta de dinamitzaci\u00f3 social, comercial i cultural, per fer suport al comer\u00e7 i la restauraci\u00f3 locals, tot gaudint d\u2019una activitat l\u00fadica i gastron\u00f2mica que enriqueix l\u2019oferta a Masquefa.<\/strong><\/p>\n<p>Per participar en el concurs, cal tastar les tapes dels establiments participants. En cada consumici\u00f3, el local segellar\u00e0 una de les caselles de la butlleta de participaci\u00f3, que es pot obtenir al d\u00edptic del concurs. Una vegada s\u2019hagin aconseguit els segells, cal omplir la butlleta amb les dades personals i indicar quina ha estat la tapa preferida. Finalment, la butlleta completada es podr\u00e0 dipositar en qualsevol de les urnes ubicades als establiments participants i participar en un sorteig.<\/p>\n<p>Hi ha premi per la millor tapa i sorteig entre les persones que han completat el tast.[\/vc_column_text][\/vc_accordion_tab][\/vc_accordion][\/vc_column][\/vc_row][vc_row type=&#8221;vc_default&#8221; full_width=&#8221;stretch_row&#8221; el_class=&#8221;acordio&#8221; css=&#8221;.vc_custom_1511541525516{background-color: #ffffff !important;}&#8221;][vc_column][vc_text_separator title=&#8221;Campanyes comercials&#8221; color=&#8221;custom&#8221; accent_color=&#8221;#950862&#8243; el_class=&#8221;title-separator&#8221;][vc_row_inner][vc_column_inner width=&#8221;1\/4&#8243; offset=&#8221;vc_hidden-lg vc_hidden-md vc_hidden-sm vc_hidden-xs&#8221;][vc_single_image image=&#8221;1465&#8243; img_size=&#8221;full&#8221; alignment=&#8221;center&#8221; onclick=&#8221;custom_link&#8221; img_link_target=&#8221;_blank&#8221; css_animation=&#8221;bounce&#8221; link=&#8221;https:\/\/masquefa.cat\/noticies\/viu-el-nadal-amb-el-comerc-de-masquefa\/&#8221;][\/vc_column_inner][vc_column_inner width=&#8221;1\/4&#8243; offset=&#8221;vc_hidden-lg vc_hidden-md vc_hidden-sm vc_hidden-xs&#8221;][vc_single_image image=&#8221;1453&#8243; img_size=&#8221;full&#8221; alignment=&#8221;center&#8221; onclick=&#8221;custom_link&#8221; img_link_target=&#8221;_blank&#8221; css_animation=&#8221;bounce&#8221; link=&#8221;https:\/\/masquefa.cat\/tic\/formulari-inscripcio-aparadors-de-nadal\/&#8221;][\/vc_column_inner][vc_column_inner width=&#8221;1\/4&#8243; offset=&#8221;vc_hidden-lg vc_hidden-md vc_hidden-sm vc_hidden-xs&#8221;][vc_single_image image=&#8221;791&#8243; img_size=&#8221;295&#215;73&#8243; alignment=&#8221;center&#8221; onclick=&#8221;custom_link&#8221; img_link_target=&#8221;_blank&#8221; css_animation=&#8221;bounce&#8221; link=&#8221;https:\/\/ajmasquefa-multimedia-wp.s3.eu-central-1.amazonaws.com\/wp-content\/uploads\/sites\/9\/2018\/03\/15173642\/cataleg_web_8_octubre8201.pdf&#8221;][\/vc_column_inner][vc_column_inner width=&#8221;1\/4&#8243;][\/vc_column_inner][\/vc_row_inner][\/vc_column][\/vc_row][vc_row type=&#8221;vc_default&#8221; full_width=&#8221;stretch_row&#8221; el_class=&#8221;acordio acordioIMG&#8221; css=&#8221;.vc_custom_1512045564664{background-color: #fdfafc !important;}&#8221;][vc_column width=&#8221;1\/3&#8243;][vc_single_image image=&#8221;2134&#8243; img_size=&#8221;full&#8221;][vc_accordion active_tab=&#8221;&#8221; collapsible=&#8221;yes&#8221; style=&#8221;3&#8243; el_class=&#8221;acordio-fosc&#8221;][vc_accordion_tab title=&#8221;A Masquefa, com sempre Versi\u00f3 1&#8243;][vc_column_text]<a href=\"https:\/\/www.youtube.com\/watch?v=ZPCPoMklVQc\" target=\"_blank\" rel=\"noopener\">A Masquefa, com sempre Versi\u00f3 1<\/a>[\/vc_column_text][\/vc_accordion_tab][\/vc_accordion][\/vc_column][vc_column width=&#8221;1\/3&#8243; bwd_tbc4vd_show_weekday=&#8221;&#8221; offset=&#8221;vc_hidden-lg vc_hidden-md vc_hidden-sm vc_hidden-xs&#8221;][vc_single_image image=&#8221;773&#8243; img_size=&#8221;full&#8221;][vc_accordion active_tab=&#8221;&#8221; collapsible=&#8221;yes&#8221; style=&#8221;3&#8243; el_class=&#8221;acordio-fosc&#8221;][vc_accordion_tab title=&#8221;Concurs per Carnaval&#8221;][vc_column_text]El teixit comercial masquef\u00ed suma esfor\u00e7os per decorar els carrers de la vila, any rere any, de colors, m\u00fasica i rialles amb la participaci\u00f3 al Concurs. El concurs compta amb tres premis econ\u00f2mics pels tres comer\u00e7os que obtinguin la major puntuaci\u00f3.<br \/>\n[\/vc_column_text][\/vc_accordion_tab][\/vc_accordion][\/vc_column][vc_column width=&#8221;1\/3&#8243; bwd_tbc4vd_show_weekday=&#8221;&#8221; offset=&#8221;vc_hidden-lg vc_hidden-md vc_hidden-sm vc_hidden-xs&#8221;][vc_single_image image=&#8221;1662&#8243; img_size=&#8221;full&#8221;][vc_accordion active_tab=&#8221;&#8221; collapsible=&#8221;yes&#8221; style=&#8221;3&#8243; el_class=&#8221;acordio-fosc&#8221;][vc_accordion_tab title=&#8221;Concurs aparadors Nadal&#8221;][vc_column_text]L\u2019Ajuntament i Masquefa Comer\u00e7 organitzen el\u00a0<strong>Concurs d\u2019aparadors de Nadal<\/strong>\u00a0amb l\u2019objectiu de dinamitzar el comer\u00e7 local durant les festes nadalenques i seguir donant suport a les botigues i establiments del municipi.<\/p>\n<p>El certamen est\u00e0 obert a tots els comer\u00e7os i empreses de serveis del municipi que disposin d\u2019un local amb aparador que reuneixi les condicions necess\u00e0ries per a ser decorat.<\/p>\n<p>Per a participar al concurs\u00a0cal inscriure\u2019s pr\u00e8viament<strong>.<\/strong><\/p>\n<p>El jurat est\u00e0 composat per un representat de l\u2019Associaci\u00f3 de comer\u00e7os i serveis de Masquefa i dos professionals de l\u2019\u00e0mbit art\u00edstic; i passar\u00e0 per tots els comer\u00e7os participants per a fer-ne la valoraci\u00f3 un dia dins del per\u00edode en el qual l\u2019aparador ha d\u2019estar muntat i visible al p\u00fablic. En aquest sentit, s\u2019entreguen un total de tres premis:<\/p>\n<ul>\n<li>1r premi: sopar men\u00fa degustaci\u00f3 amb maridatge de vins per a dues persones (per valor de 120\u20ac).<\/li>\n<li>2n premi: sopar men\u00fa degustaci\u00f3 amb beguda inclosa per a dues persones (per valor de 90\u20ac).<\/li>\n<li>3r premi: dinar amb men\u00fa de cap de setmana per a dues persones (per valor de 63\u20ac).<\/li>\n<\/ul>\n<p>&nbsp;<\/p>\n<p>Bases del concurs 2021: <a href=\"https:\/\/s3-eu-central-1.amazonaws.com\/ajmasquefa-multimedia-wp\/wp-content\/uploads\/sites\/22\/2021\/12\/01164631\/Bases-DEFINITIVES-concurs-aparadors-de-nadal-2021.pdf\"> https:\/\/s3-eu-central-1.amazonaws.com\/ajmasquefa-multimedia-wp\/wp-content\/uploads\/sites\/22\/2021\/12\/01164631\/Bases-DEFINITIVES-concurs-aparadors-de-nadal-2021.pdf<\/a><\/p>\n<p>&nbsp;<\/p>\n<p>Fotos aparadors guanyadors 2021[\/vc_column_text][\/vc_accordion_tab][\/vc_accordion][\/vc_column][\/vc_row][vc_row type=&#8221;vc_default&#8221; full_width=&#8221;stretch_row&#8221; el_class=&#8221;acordio&#8221; css=&#8221;.vc_custom_1511541525516{background-color: #ffffff !important;}&#8221;][vc_column][vc_empty_space height=&#8221;100px&#8221; css=&#8221;.vc_custom_1511541904387{background-color: #ffffff !important;}&#8221;][vc_text_separator title=&#8221;Documents d&#8217;Inter\u00e8s&#8221; color=&#8221;custom&#8221; accent_color=&#8221;#950862&#8243; el_class=&#8221;title-separator&#8221;][vc_row_inner][vc_column_inner width=&#8221;1\/3&#8243;][vc_single_image image=&#8221;2165&#8243; img_size=&#8221;295&#215;73&#8243; alignment=&#8221;center&#8221; onclick=&#8221;custom_link&#8221; img_link_target=&#8221;_blank&#8221; css_animation=&#8221;bounce&#8221; link=&#8221;https:\/\/ajmasquefa-multimedia-wp.s3.eu-central-1.amazonaws.com\/wp-content\/uploads\/sites\/9\/2024\/12\/04133330\/CALENDARI-DOBERTURA-DESTABLIMENTS-COMERCIALS-DIUMENGES-I-DIES-FESTIUS2025.pdf&#8221;][\/vc_column_inner][vc_column_inner width=&#8221;1\/3&#8243;][vc_single_image image=&#8221;2164&#8243; img_size=&#8221;295&#215;73&#8243; alignment=&#8221;center&#8221; onclick=&#8221;custom_link&#8221; img_link_target=&#8221;_blank&#8221; css_animation=&#8221;bounce&#8221; link=&#8221;https:\/\/ajmasquefa-multimedia-wp.s3.eu-central-1.amazonaws.com\/wp-content\/uploads\/sites\/9\/2018\/01\/31114751\/fitxa-empresa-comer%C3%A7.doc&#8221;][\/vc_column_inner][vc_column_inner width=&#8221;1\/3&#8243;][\/vc_column_inner][\/vc_row_inner][\/vc_column][\/vc_row][vc_row type=&#8221;vc_default&#8221; full_width=&#8221;stretch_row&#8221; el_class=&#8221;acordio&#8221; css=&#8221;.vc_custom_1511541525516{background-color: #ffffff !important;}&#8221;][vc_column][vc_empty_space height=&#8221;100px&#8221; css=&#8221;.vc_custom_1511541904387{background-color: #ffffff !important;}&#8221;][vc_text_separator title=&#8221;Enlla\u00e7os d&#8217;Inter\u00e8s&#8221; color=&#8221;custom&#8221; accent_color=&#8221;#950862&#8243; el_class=&#8221;title-separator&#8221;][vc_row_inner][vc_column_inner width=&#8221;1\/3&#8243;][vc_single_image image=&#8221;721&#8243; img_size=&#8221;full&#8221; onclick=&#8221;custom_link&#8221; css_animation=&#8221;bounceInLeft&#8221; link=&#8221;http:\/\/ajuntament.atotarreu.com\/jsp\/cat\/llistat_empreses.jsp&#8221;][\/vc_column_inner][vc_column_inner width=&#8221;1\/3&#8243;][vc_single_image image=&#8221;241&#8243; img_size=&#8221;295&#215;73&#8243; alignment=&#8221;center&#8221; onclick=&#8221;custom_link&#8221; img_link_target=&#8221;_blank&#8221; css_animation=&#8221;bounceInRight&#8221; link=&#8221;http:\/\/www.viumasquefa.com\/&#8221;][\/vc_column_inner][vc_column_inner width=&#8221;1\/3&#8243;][\/vc_column_inner][\/vc_row_inner][\/vc_column][\/vc_row]<\/p>\n<\/section>","protected":false},"excerpt":{"rendered":"<p>[vc_row margin_top=&#8221;32&#8243; el_class=&#8221;extra-page&#8221;][vc_column][vc_row_inner][vc_column_inner][\/vc_column_inner][\/vc_row_inner][vc_empty_space][vc_column_text el_class=&#8221;extra-page-text&#8221;]L\u2019\u00c0rea de Comer\u00e7 treballa per donar suport al teixit comercial local amb la finalitat de potenciar i dinamitzar-lo per tal que els vilatans i visitants tinguin al seu abast una oferta comercial variada i de qualitat. El comer\u00e7 esdev\u00e9 un factor clau en el desenvolupament econ\u00f2mic i local. L\u2019Ajuntament de Masquefa col\u00b7labora&hellip;<\/p>\n","protected":false},"author":1,"featured_media":0,"parent":0,"menu_order":0,"comment_status":"closed","ping_status":"closed","template":"","meta":[],"_links":{"self":[{"href":"https:\/\/masquefa.cat\/promocio-economica\/wp-json\/wp\/v2\/pages\/235"}],"collection":[{"href":"https:\/\/masquefa.cat\/promocio-economica\/wp-json\/wp\/v2\/pages"}],"about":[{"href":"https:\/\/masquefa.cat\/promocio-economica\/wp-json\/wp\/v2\/types\/page"}],"author":[{"embeddable":true,"href":"https:\/\/masquefa.cat\/promocio-economica\/wp-json\/wp\/v2\/users\/1"}],"replies":[{"embeddable":true,"href":"https:\/\/masquefa.cat\/promocio-economica\/wp-json\/wp\/v2\/comments?post=235"}],"version-history":[{"count":109,"href":"https:\/\/masquefa.cat\/promocio-economica\/wp-json\/wp\/v2\/pages\/235\/revisions"}],"predecessor-version":[{"id":2338,"href":"https:\/\/masquefa.cat\/promocio-economica\/wp-json\/wp\/v2\/pages\/235\/revisions\/2338"}],"wp:attachment":[{"href":"https:\/\/masquefa.cat\/promocio-economica\/wp-json\/wp\/v2\/media?parent=235"}],"curies":[{"name":"wp","href":"https:\/\/api.w.org\/{rel}","templated":true}]}}